















{"id":2352,"date":"2021-04-07T08:42:01","date_gmt":"2021-04-07T11:42:01","guid":{"rendered":"http:\/\/pbapgo.meioambiente.go.gov.br\/?page_id=2352"},"modified":"2021-04-14T14:31:11","modified_gmt":"2021-04-14T17:31:11","slug":"concurso","status":"publish","type":"page","link":"http:\/\/pbapgo.meioambiente.go.gov.br\/?page_id=2352","title":{"rendered":"Concurso"},"content":{"rendered":"<div id=\"pl-2352\"  class=\"panel-layout\" ><div id=\"pg-2352-0\"  class=\"panel-grid panel-has-style\" ><div class=\"panel-row-style panel-row-style-for-2352-0\" ><div id=\"pgc-2352-0-0\"  class=\"panel-grid-cell\" ><div id=\"panel-2352-0-0-0\" class=\"so-panel widget widget_text panel-first-child\" data-index=\"0\" >\t\t\t<div class=\"textwidget\"><h2>Concurso &#8220;Um mar de cartas para a humanidade&#8221;<\/h2>\n<p>O PBAP-GO \u00e9 fruto de uma parceria entre a Secretaria de Estado de Meio Ambiente e Recursos H\u00eddricos (Semad) e a Universidade Federal de Goi\u00e1s (UFG). Nosso objetivo \u00e9 mobilizar a popula\u00e7\u00e3o do Estado de Goi\u00e1s em torno da conscientiza\u00e7\u00e3o sobre a import\u00e2ncia de preservar nossos ecossistemas aqu\u00e1ticos.<\/p>\n<p>E uma das formas que encontramos para fazer isso foi atrav\u00e9s da arte. Por isso, criamos o concurso \u201cUm mar de cartas para a humanidade\u201d que tem como intuito o lan\u00e7amento de um livro digital com desenhos e cartas feitas por crian\u00e7as de 6 a 12 anos residentes em Goi\u00e1s.<\/p>\n<p>&nbsp;<\/p>\n<p><b>Informa\u00e7\u00f5es importantes do concurso:<\/b><\/p>\n<blockquote><p><b>Escopo:<\/b> Semad Goi\u00e1s e UFG lan\u00e7am concurso para conscientizar a popula\u00e7\u00e3o do Estado de Goi\u00e1s sobre o uso racional e afetivo da \u00e1gua.<\/p>\n<p>&nbsp;<\/p>\n<p><b>P\u00fablico:<\/b> A a\u00e7\u00e3o envolve escolas, professores e crian\u00e7as (de 6 a 12 anos) de Goi\u00e1s na produ\u00e7\u00e3o de cartas e desenhos com a tem\u00e1tica &#8220;\u00c1gua: patrim\u00f4nio da humanidade&#8221;.<\/p>\n<p>&nbsp;<\/p>\n<p><b>Premia\u00e7\u00e3o:<\/b><\/p>\n<ul>\n<li>Os cinquenta trabalhos selecionados far\u00e3o parte de um livro digital que ser\u00e1 lan\u00e7ado em 19 de setembro, data comemorativa do cinquenten\u00e1rio de nascimento de Paulo Freire.<\/li>\n<li>Os tr\u00eas primeiros colocados, seus professores orientadores e suas escolas receber\u00e3o medalhas e diplomas chancelados pela Universidade Federal de Goi\u00e1s (UFG).<\/li>\n<li>Os demais receber\u00e3o men\u00e7\u00f5es honrosas, tamb\u00e9m chanceladas pela universidade.<\/li>\n<\/ul>\n<\/blockquote>\n<\/div>\n\t\t<\/div><div id=\"panel-2352-0-0-1\" class=\"so-panel widget widget_sow-features\" data-index=\"1\" ><div\n\t\t\t\n\t\t\tclass=\"so-widget-sow-features so-widget-sow-features-default-0e0f8d436f18-2352\"\n\t\t\t\n\t\t>\n<div class=\"sow-features-list sow-features-responsive\">\n\n\t\t\t\t\t\t\t\t\t<div\n\t\t\t\tclass=\"sow-features-feature sow-icon-container-position-top\"\n\t\t\t\tstyle=\"display: flex; flex-direction: column; width: calc(33.333% - 25px);\"\n\t\t\t>\n\t\t\t\n\t\t\t\t\t\t\t\t\t<a\n\t\t\t\t\t\thref=\"http:\/\/pbapgo.meioambiente.go.gov.br\/wp-content\/uploads\/2021\/03\/Cartilha_%C3%81gua_Patrim%C3%B4nio_da_Humanidade.pdf\"\n\t\t\t\t\t\ttarget=\"_blank\" rel=\"noopener noreferrer\"\t\t\t\t\t>\n\t\t\t\t\t\t\t\t<div\n\t\t\t\t\tclass=\"sow-icon-container sow-container-round\"\n\t\t\t\t\tstyle=\"color: #03c4eb; \"\n\t\t\t\t\t\t\t\t\t>\n\t\t\t\t\t<span class=\"sow-icon-fontawesome sow-fas\" data-sow-icon=\"&#xf02d;\"\n\t\tstyle=\"font-size: 24px; color: #FFFFFF\" \n\t\taria-hidden=\"true\"><\/span>\t\t\t\t<\/div>\n\t\t\t\t\t\t\t\t\t<\/a>\n\t\t\t\t\t\n\t\t\t\t<div class=\"textwidget\">\n\t\t\t\t\t\n\t\t\t\t\t\t\t\t\t\t\t<h5>\n\t\t\t\t\t\t\t\n\t\t\t\t\t\t\tCartilha\t\t\t\t\t\t\t\t\t\t\t\t\t<\/h5>\n\t\t\t\t\t\n\t\t\t\t\t\t\t\t\t\t\t<p>Uma cartilha sobre a tem\u00e1tica da \u00e1gua foi elaborada e ser\u00e1 disponibilizada gratuitamente aos professores para que o assunto seja discutido em sala de aula e a produ\u00e7\u00e3o de cartas e desenhos seja estimulada.<\/p>\n\t\t\t\t\t\n\t\t\t\t\t\t\t\t\t<\/div>\n\t\t\t\t\t\t\t\t\n\t\t\t\t\t\t\t<\/div>\n\n\t\t\t\t\t\t\t\t<div\n\t\t\t\tclass=\"sow-features-feature sow-icon-container-position-top\"\n\t\t\t\tstyle=\"display: flex; flex-direction: column; width: calc(33.333% - 25px);\"\n\t\t\t>\n\t\t\t\n\t\t\t\t\t\t\t\t\t<a\n\t\t\t\t\t\thref=\"http:\/\/pbapgo.meioambiente.go.gov.br\/wp-content\/uploads\/2021\/03\/Edital_Concurso.pdf\"\n\t\t\t\t\t\ttarget=\"_blank\" rel=\"noopener noreferrer\"\t\t\t\t\t>\n\t\t\t\t\t\t\t\t<div\n\t\t\t\t\tclass=\"sow-icon-container sow-container-round\"\n\t\t\t\t\tstyle=\"color: #03c4eb; \"\n\t\t\t\t\t\t\t\t\t>\n\t\t\t\t\t<span class=\"sow-icon-fontawesome sow-fas\" data-sow-icon=\"&#xf022;\"\n\t\tstyle=\"font-size: 24px; color: #FFFFFF\" \n\t\taria-hidden=\"true\"><\/span>\t\t\t\t<\/div>\n\t\t\t\t\t\t\t\t\t<\/a>\n\t\t\t\t\t\n\t\t\t\t<div class=\"textwidget\">\n\t\t\t\t\t\n\t\t\t\t\t\t\t\t\t\t\t<h5>\n\t\t\t\t\t\t\t\n\t\t\t\t\t\t\tEdital\t\t\t\t\t\t\t\t\t\t\t\t\t<\/h5>\n\t\t\t\t\t\n\t\t\t\t\t\t\t\t\t\t\t<p>O edital na \u00edntegra, assim como a cartilha, podem ser acessados aqui.<\/p>\n\t\t\t\t\t\n\t\t\t\t\t\t\t\t\t<\/div>\n\t\t\t\t\t\t\t\t\n\t\t\t\t\t\t\t<\/div>\n\n\t\t\t\t\t\t\t\t<div\n\t\t\t\tclass=\"sow-features-feature sow-icon-container-position-top\"\n\t\t\t\tstyle=\"display: flex; flex-direction: column; width: calc(33.333% - 25px);\"\n\t\t\t>\n\t\t\t\n\t\t\t\t\t\t\t\t\t<a\n\t\t\t\t\t\thref=\"http:\/\/pbapgo.meioambiente.go.gov.br\/wp-content\/uploads\/2021\/04\/Ficha-de-Inscricao-e-Termo-de-Autorizacao_Editaveis.docx\"\n\t\t\t\t\t\ttarget=\"_blank\" rel=\"noopener noreferrer\"\t\t\t\t\t>\n\t\t\t\t\t\t\t\t<div\n\t\t\t\t\tclass=\"sow-icon-container sow-container-round\"\n\t\t\t\t\tstyle=\"color: #03c4eb; \"\n\t\t\t\t\t\t\t\t\t>\n\t\t\t\t\t<span class=\"sow-icon-fontawesome sow-fas\" data-sow-icon=\"&#xf304;\"\n\t\tstyle=\"font-size: 24px; color: #FFFFFF\" \n\t\taria-hidden=\"true\"><\/span>\t\t\t\t<\/div>\n\t\t\t\t\t\t\t\t\t<\/a>\n\t\t\t\t\t\n\t\t\t\t<div class=\"textwidget\">\n\t\t\t\t\t\n\t\t\t\t\t\t\t\t\t\t\t<h5>\n\t\t\t\t\t\t\t\n\t\t\t\t\t\t\tFicha de Inscri\u00e7\u00e3o e Termo de Autoriza\u00e7\u00e3o\t\t\t\t\t\t\t\t\t\t\t\t\t<\/h5>\n\t\t\t\t\t\n\t\t\t\t\t\n\t\t\t\t\t\t\t\t\t<\/div>\n\t\t\t\t\t\t\t\t\n\t\t\t\t\t\t\t<\/div>\n\n\t\t\t\n<\/div>\n<\/div><\/div><div id=\"panel-2352-0-0-2\" class=\"so-panel widget widget_text panel-last-child\" data-index=\"2\" >\t\t\t<div class=\"textwidget\"><hr \/>\n<p>&nbsp;<\/p>\n<h3>Datas importantes:<\/h3>\n<p><b>De 01 de abril a 20 de maio:<\/b> recebimento das cartas e desenhos<\/p>\n<p><b>De 20 de maio a 29 de junho:<\/b> sele\u00e7\u00e3o dos trabalhos<\/p>\n<p><b>De 30 de maio a junho a 05 de junho:<\/b> divulga\u00e7\u00e3o do resultado final<\/p>\n<p><b>Dia 19 de setembro:<\/b> lan\u00e7amento do livro digital<\/p>\n<p>&nbsp;<\/p>\n<hr \/>\n<\/div>\n\t\t<\/div><\/div><\/div><\/div><div id=\"pg-2352-1\"  class=\"panel-grid panel-no-style\" ><div id=\"pgc-2352-1-0\"  class=\"panel-grid-cell\" ><div id=\"panel-2352-1-0-0\" class=\"so-panel widget widget_text panel-first-child panel-last-child\" data-index=\"3\" >\t\t\t<div class=\"textwidget\"><h2>Not\u00edcias<\/h2>\n<\/div>\n\t\t<\/div><\/div><\/div><div id=\"pg-2352-2\"  class=\"panel-grid panel-no-style\" ><div id=\"pgc-2352-2-0\"  class=\"panel-grid-cell\" ><div id=\"panel-2352-2-0-0\" class=\"so-panel widget widget_media_image panel-first-child panel-last-child\" data-index=\"4\" ><div class=\"panel-widget-style panel-widget-style-for-2352-2-0-0\" ><a href=\"https:\/\/jornal.ufg.br\/n\/140802-projeto-de-pesquisa-da-ufg-cria-cartilha-infantil-sobre-a-agua\"><img loading=\"lazy\" decoding=\"async\" width=\"300\" height=\"150\" src=\"http:\/\/pbapgo.meioambiente.go.gov.br\/wp-content\/uploads\/2021\/01\/not3_29_01_21.jpg\" class=\"image wp-image-2313  attachment-full size-full\" alt=\"\" style=\"max-width: 100%; height: auto;\" \/><\/a><\/div><\/div><\/div><div id=\"pgc-2352-2-1\"  class=\"panel-grid-cell\" ><div id=\"panel-2352-2-1-0\" class=\"so-panel widget widget_sow-editor panel-first-child panel-last-child\" data-index=\"5\" ><div\n\t\t\t\n\t\t\tclass=\"so-widget-sow-editor so-widget-sow-editor-base\"\n\t\t\t\n\t\t>\n<div class=\"siteorigin-widget-tinymce textwidget\">\n\t<h3><a href=\"https:\/\/jornal.ufg.br\/n\/140802-projeto-de-pesquisa-da-ufg-cria-cartilha-infantil-sobre-a-agua\" target=\"_blank\" rel=\"noopener noreferrer\">Projeto de pesquisa da UFG cria cartilha infantil sobre a \u00e1gua<\/a><\/h3>\n<p>Material did\u00e1tico visa participa\u00e7\u00e3o das crian\u00e7as no concurso de reda\u00e7\u00e3o e desenho \u201cUm mar de cartas para a humanidade\u201d.<\/p>\n<\/div>\n<\/div><\/div><\/div><\/div><div id=\"pg-2352-3\"  class=\"panel-grid panel-no-style\" ><div id=\"pgc-2352-3-0\"  class=\"panel-grid-cell\" ><div id=\"panel-2352-3-0-0\" class=\"so-panel widget widget_media_image panel-first-child panel-last-child\" data-index=\"6\" ><div class=\"panel-widget-style panel-widget-style-for-2352-3-0-0\" ><a href=\"https:\/\/portalcontexto.com\/concurso-um-mar-de-cartas-para-a-humanidade-abre-inscricoes-para-criancas\/\"><img loading=\"lazy\" decoding=\"async\" width=\"300\" height=\"150\" src=\"http:\/\/pbapgo.meioambiente.go.gov.br\/wp-content\/uploads\/2021\/04\/capa_contexto.jpg\" class=\"image wp-image-2437  attachment-full size-full\" alt=\"\" style=\"max-width: 100%; height: auto;\" \/><\/a><\/div><\/div><\/div><div id=\"pgc-2352-3-1\"  class=\"panel-grid-cell\" ><div id=\"panel-2352-3-1-0\" class=\"so-panel widget widget_sow-editor panel-first-child panel-last-child\" data-index=\"7\" ><div\n\t\t\t\n\t\t\tclass=\"so-widget-sow-editor so-widget-sow-editor-base\"\n\t\t\t\n\t\t>\n<div class=\"siteorigin-widget-tinymce textwidget\">\n\t<h3><a href=\"https:\/\/portalcontexto.com\/concurso-um-mar-de-cartas-para-a-humanidade-abre-inscricoes-para-criancas\/\" target=\"_blank\" rel=\"noopener noreferrer\">Concurso \u2018Um mar de cartas para a humanidade\u2019 abre inscri\u00e7\u00f5es para crian\u00e7as<\/a><\/h3>\n<p>A Secretaria de Estado da Educa\u00e7\u00e3o de Goi\u00e1s (Seduc), por meio do Centro de Estudos, Pesquisa e Forma\u00e7\u00e3o de Profissionais da Educa\u00e7\u00e3o (CepFor), abre as inscri\u00e7\u00f5es para o Concurso \u201cUm mar de cartas para a humanidade\u201d. As inscri\u00e7\u00f5es foram abertas na \u00faltima quinta-feira (1\u00ba) e seguem at\u00e9 o dia 20 de maio de 2021.<\/p>\n<\/div>\n<\/div><\/div><\/div><\/div><div id=\"pg-2352-4\"  class=\"panel-grid panel-no-style\" ><div id=\"pgc-2352-4-0\"  class=\"panel-grid-cell\" ><div id=\"panel-2352-4-0-0\" class=\"so-panel widget widget_media_image panel-first-child panel-last-child\" data-index=\"8\" ><div class=\"panel-widget-style panel-widget-style-for-2352-4-0-0\" ><a href=\"https:\/\/fic.ufg.br\/n\/140467-um-mar-de-cartas-para-a-humanidade\"><img loading=\"lazy\" decoding=\"async\" width=\"300\" height=\"150\" src=\"http:\/\/pbapgo.meioambiente.go.gov.br\/wp-content\/uploads\/2021\/01\/not2_29_01_21.jpg\" class=\"image wp-image-2312  attachment-full size-full\" alt=\"\" style=\"max-width: 100%; height: auto;\" \/><\/a><\/div><\/div><\/div><div id=\"pgc-2352-4-1\"  class=\"panel-grid-cell\" ><div id=\"panel-2352-4-1-0\" class=\"so-panel widget widget_sow-editor panel-first-child panel-last-child\" data-index=\"9\" ><div\n\t\t\t\n\t\t\tclass=\"so-widget-sow-editor so-widget-sow-editor-base\"\n\t\t\t\n\t\t>\n<div class=\"siteorigin-widget-tinymce textwidget\">\n\t<h3><a href=\"https:\/\/fic.ufg.br\/n\/140467-um-mar-de-cartas-para-a-humanidade\" target=\"_blank\" rel=\"noopener noreferrer\">Um mar de cartas para a humanidade<\/a><\/h3>\n<p>Projeto de pesquisa e extens\u00e3o da UFG abre inscri\u00e7\u00f5es para concurso que aborda a conscientiza\u00e7\u00e3o acerca do uso racional e afetivo da \u00e1gua.<\/p>\n<\/div>\n<\/div><\/div><\/div><\/div><div id=\"pg-2352-5\"  class=\"panel-grid panel-no-style\" ><div id=\"pgc-2352-5-0\"  class=\"panel-grid-cell\" ><div id=\"panel-2352-5-0-0\" class=\"so-panel widget widget_media_image panel-first-child panel-last-child\" data-index=\"10\" ><div class=\"panel-widget-style panel-widget-style-for-2352-5-0-0\" ><a href=\"https:\/\/fnpe.com.br\/centenariopaulofreire\/2021\/04\/01\/inscricoes-abertas-para-o-concurso-um-mar-de-cartas-para-a-humanidade\/\"><img loading=\"lazy\" decoding=\"async\" width=\"300\" height=\"150\" src=\"http:\/\/pbapgo.meioambiente.go.gov.br\/wp-content\/uploads\/2021\/04\/capa_paulo_freire.jpg\" class=\"image wp-image-2439  attachment-full size-full\" alt=\"\" style=\"max-width: 100%; height: auto;\" \/><\/a><\/div><\/div><\/div><div id=\"pgc-2352-5-1\"  class=\"panel-grid-cell\" ><div id=\"panel-2352-5-1-0\" class=\"so-panel widget widget_sow-editor panel-first-child panel-last-child\" data-index=\"11\" ><div\n\t\t\t\n\t\t\tclass=\"so-widget-sow-editor so-widget-sow-editor-base\"\n\t\t\t\n\t\t>\n<div class=\"siteorigin-widget-tinymce textwidget\">\n\t<h3><a href=\"https:\/\/fnpe.com.br\/centenariopaulofreire\/2021\/04\/01\/inscricoes-abertas-para-o-concurso-um-mar-de-cartas-para-a-humanidade\/\" target=\"_blank\" rel=\"noopener noreferrer\">Inscri\u00e7\u00f5es abertas para o concurso \u201cUm mar de cartas para a humanidade\u201d<\/a><\/h3>\n<p>A Secretaria de Estado da Educa\u00e7\u00e3o de Goi\u00e1s (Seduc), por meio do Centro de Estudos, Pesquisa e Forma\u00e7\u00e3o de Profissionais da Educa\u00e7\u00e3o (CepFor), abre as inscri\u00e7\u00f5es para o Concurso \u201cUm mar de cartas para a humanidade\u201d. <\/p>\n<\/div>\n<\/div><\/div><\/div><\/div><div id=\"pg-2352-6\"  class=\"panel-grid panel-no-style\" ><div id=\"pgc-2352-6-0\"  class=\"panel-grid-cell\" ><div id=\"panel-2352-6-0-0\" class=\"so-panel widget widget_media_image panel-first-child panel-last-child\" data-index=\"12\" ><div class=\"panel-widget-style panel-widget-style-for-2352-6-0-0\" ><a href=\"http:\/\/www.consed.org.br\/central-de-conteudos\/inscricoes-para-o-concurso-um-mar-de-cartas-para-a-humanidade-estarao-abertas-a-partir-do-dia-1o-de-abril\"><img loading=\"lazy\" decoding=\"async\" width=\"300\" height=\"150\" src=\"http:\/\/pbapgo.meioambiente.go.gov.br\/wp-content\/uploads\/2021\/04\/capa_consed.jpg\" class=\"image wp-image-2436  attachment-full size-full\" alt=\"\" style=\"max-width: 100%; height: auto;\" \/><\/a><\/div><\/div><\/div><div id=\"pgc-2352-6-1\"  class=\"panel-grid-cell\" ><div id=\"panel-2352-6-1-0\" class=\"so-panel widget widget_sow-editor panel-first-child panel-last-child\" data-index=\"13\" ><div\n\t\t\t\n\t\t\tclass=\"so-widget-sow-editor so-widget-sow-editor-base\"\n\t\t\t\n\t\t>\n<div class=\"siteorigin-widget-tinymce textwidget\">\n\t<h3><a href=\"http:\/\/www.consed.org.br\/central-de-conteudos\/inscricoes-para-o-concurso-um-mar-de-cartas-para-a-humanidade-estarao-abertas-a-partir-do-dia-1o-de-abril\" target=\"_blank\" rel=\"noopener noreferrer\">Inscri\u00e7\u00f5es para o concurso \u2018Um mar de cartas para a humanidade\u2019 estar\u00e3o abertas a partir do dia 1\u00ba de abril <\/a><\/h3>\n<p>A Secretaria de Estado da Educa\u00e7\u00e3o de Goi\u00e1s (Seduc), por meio do Centro de Estudos, Pesquisa e Forma\u00e7\u00e3o de Profissionais da Educa\u00e7\u00e3o (CepFor), abre as inscri\u00e7\u00f5es para o Concurso \u201cUm mar de cartas para a humanidade\u201d. <\/p>\n<\/div>\n<\/div><\/div><\/div><\/div><div id=\"pg-2352-7\"  class=\"panel-grid panel-no-style\" ><div id=\"pgc-2352-7-0\"  class=\"panel-grid-cell\" ><div id=\"panel-2352-7-0-0\" class=\"so-panel widget widget_media_image panel-first-child panel-last-child\" data-index=\"14\" ><div class=\"panel-widget-style panel-widget-style-for-2352-7-0-0\" ><a href=\"https:\/\/site.educacao.go.gov.br\/concurso-um-mar-de-cartas-para-a-humanidade\/\"><img loading=\"lazy\" decoding=\"async\" width=\"300\" height=\"150\" src=\"http:\/\/pbapgo.meioambiente.go.gov.br\/wp-content\/uploads\/2021\/04\/capa_edu.jpg\" class=\"image wp-image-2438  attachment-full size-full\" alt=\"\" style=\"max-width: 100%; height: auto;\" \/><\/a><\/div><\/div><\/div><div id=\"pgc-2352-7-1\"  class=\"panel-grid-cell\" ><div id=\"panel-2352-7-1-0\" class=\"so-panel widget widget_sow-editor panel-first-child panel-last-child\" data-index=\"15\" ><div\n\t\t\t\n\t\t\tclass=\"so-widget-sow-editor so-widget-sow-editor-base\"\n\t\t\t\n\t\t>\n<div class=\"siteorigin-widget-tinymce textwidget\">\n\t<h3><a href=\"https:\/\/site.educacao.go.gov.br\/concurso-um-mar-de-cartas-para-a-humanidade\/\" target=\"_blank\" rel=\"noopener noreferrer\">Inscri\u00e7\u00f5es para o concurso \u2018Um mar de cartas para a humanidade\u2019 estar\u00e3o abertas a partir do dia 1\u00ba de abril<\/a><\/h3>\n<p>Destinado \u00e0s crian\u00e7as, o concurso de cartas tem o objetivo de expandir a conscientiza\u00e7\u00e3o da popula\u00e7\u00e3o sobre a utiliza\u00e7\u00e3o da \u00e1gua e ressaltar a sua import\u00e2ncia<\/p>\n<\/div>\n<\/div><\/div><\/div><\/div><div id=\"pg-2352-8\"  class=\"panel-grid panel-no-style\" ><div id=\"pgc-2352-8-0\"  class=\"panel-grid-cell\" ><div id=\"panel-2352-8-0-0\" class=\"so-panel widget widget_text panel-first-child panel-last-child\" data-index=\"16\" >\t\t\t<div class=\"textwidget\"><hr \/>\n<p>&nbsp;<\/p>\n<h2>Parceiros<\/h2>\n<\/div>\n\t\t<\/div><\/div><\/div><div id=\"pg-2352-9\"  class=\"panel-grid panel-no-style\" ><div id=\"pgc-2352-9-0\"  class=\"panel-grid-cell\" ><div id=\"panel-2352-9-0-0\" class=\"so-panel widget widget_media_image panel-first-child panel-last-child\" data-index=\"17\" ><a href=\"https:\/\/site.educacao.go.gov.br\/\"><img loading=\"lazy\" decoding=\"async\" width=\"800\" height=\"229\" src=\"http:\/\/pbapgo.meioambiente.go.gov.br\/wp-content\/uploads\/2021\/04\/marca_Seduc.png\" class=\"image wp-image-2370  attachment-full size-full\" alt=\"\" style=\"max-width: 100%; height: auto;\" srcset=\"http:\/\/pbapgo.meioambiente.go.gov.br\/wp-content\/uploads\/2021\/04\/marca_Seduc.png 800w, http:\/\/pbapgo.meioambiente.go.gov.br\/wp-content\/uploads\/2021\/04\/marca_Seduc-300x86.png 300w, http:\/\/pbapgo.meioambiente.go.gov.br\/wp-content\/uploads\/2021\/04\/marca_Seduc-768x220.png 768w\" sizes=\"(max-width: 800px) 100vw, 800px\" \/><\/a><\/div><\/div><div id=\"pgc-2352-9-1\"  class=\"panel-grid-cell\" ><div id=\"panel-2352-9-1-0\" class=\"so-panel widget widget_media_image panel-first-child panel-last-child\" data-index=\"18\" ><a href=\"https:\/\/www.cepae.ufg.br\/\"><img loading=\"lazy\" decoding=\"async\" width=\"300\" height=\"125\" src=\"http:\/\/pbapgo.meioambiente.go.gov.br\/wp-content\/uploads\/2021\/04\/marca_CEPAE_UFG-300x125.png\" class=\"image wp-image-2365  attachment-medium size-medium\" alt=\"\" style=\"max-width: 100%; height: auto;\" srcset=\"http:\/\/pbapgo.meioambiente.go.gov.br\/wp-content\/uploads\/2021\/04\/marca_CEPAE_UFG-300x125.png 300w, http:\/\/pbapgo.meioambiente.go.gov.br\/wp-content\/uploads\/2021\/04\/marca_CEPAE_UFG-768x319.png 768w, http:\/\/pbapgo.meioambiente.go.gov.br\/wp-content\/uploads\/2021\/04\/marca_CEPAE_UFG.png 800w\" sizes=\"(max-width: 300px) 100vw, 300px\" \/><\/a><\/div><\/div><\/div><div id=\"pg-2352-10\"  class=\"panel-grid panel-has-style\" ><div class=\"panel-row-style panel-row-style-for-2352-10\" ><div id=\"pgc-2352-10-0\"  class=\"panel-grid-cell\" ><div id=\"panel-2352-10-0-0\" class=\"so-panel widget widget_media_image panel-first-child panel-last-child\" data-index=\"19\" ><a href=\"https:\/\/www.sme.goiania.go.gov.br\/\"><img loading=\"lazy\" decoding=\"async\" width=\"260\" height=\"300\" src=\"http:\/\/pbapgo.meioambiente.go.gov.br\/wp-content\/uploads\/2021\/04\/marca_prefeitura-260x300.png\" class=\"image wp-image-2368  attachment-medium size-medium\" alt=\"\" style=\"max-width: 100%; height: auto;\" srcset=\"http:\/\/pbapgo.meioambiente.go.gov.br\/wp-content\/uploads\/2021\/04\/marca_prefeitura-260x300.png 260w, http:\/\/pbapgo.meioambiente.go.gov.br\/wp-content\/uploads\/2021\/04\/marca_prefeitura-768x885.png 768w, http:\/\/pbapgo.meioambiente.go.gov.br\/wp-content\/uploads\/2021\/04\/marca_prefeitura.png 800w\" sizes=\"(max-width: 260px) 100vw, 260px\" \/><\/a><\/div><\/div><div id=\"pgc-2352-10-1\"  class=\"panel-grid-cell\" ><div id=\"panel-2352-10-1-0\" class=\"so-panel widget widget_media_image panel-first-child panel-last-child\" data-index=\"20\" ><a href=\"https:\/\/lapediueg.wordpress.com\/\"><img loading=\"lazy\" decoding=\"async\" width=\"300\" height=\"169\" src=\"http:\/\/pbapgo.meioambiente.go.gov.br\/wp-content\/uploads\/2021\/04\/marca_LAPEDI-300x169.jpg\" class=\"image wp-image-2367  attachment-medium size-medium\" alt=\"\" style=\"max-width: 100%; height: auto;\" srcset=\"http:\/\/pbapgo.meioambiente.go.gov.br\/wp-content\/uploads\/2021\/04\/marca_LAPEDI-300x169.jpg 300w, http:\/\/pbapgo.meioambiente.go.gov.br\/wp-content\/uploads\/2021\/04\/marca_LAPEDI-768x432.jpg 768w, http:\/\/pbapgo.meioambiente.go.gov.br\/wp-content\/uploads\/2021\/04\/marca_LAPEDI.jpg 800w\" sizes=\"(max-width: 300px) 100vw, 300px\" \/><\/a><\/div><\/div><div id=\"pgc-2352-10-2\"  class=\"panel-grid-cell\" ><div id=\"panel-2352-10-2-0\" class=\"so-panel widget widget_media_image panel-first-child panel-last-child\" data-index=\"21\" ><a href=\"https:\/\/fe.ufg.br\/\"><img loading=\"lazy\" decoding=\"async\" width=\"287\" height=\"300\" src=\"http:\/\/pbapgo.meioambiente.go.gov.br\/wp-content\/uploads\/2021\/04\/marca_selo_50anos_FE-287x300.png\" class=\"image wp-image-2371  attachment-medium size-medium\" alt=\"\" style=\"max-width: 100%; height: auto;\" srcset=\"http:\/\/pbapgo.meioambiente.go.gov.br\/wp-content\/uploads\/2021\/04\/marca_selo_50anos_FE-287x300.png 287w, http:\/\/pbapgo.meioambiente.go.gov.br\/wp-content\/uploads\/2021\/04\/marca_selo_50anos_FE.png 720w\" sizes=\"(max-width: 287px) 100vw, 287px\" \/><\/a><\/div><\/div><div id=\"pgc-2352-10-3\"  class=\"panel-grid-cell\" ><div id=\"panel-2352-10-3-0\" class=\"so-panel widget widget_media_image panel-first-child panel-last-child\" data-index=\"22\" ><a href=\"https:\/\/www.facebook.com\/sabcgo\/\"><img loading=\"lazy\" decoding=\"async\" width=\"300\" height=\"300\" src=\"http:\/\/pbapgo.meioambiente.go.gov.br\/wp-content\/uploads\/2021\/04\/marca_SABC-300x300.png\" class=\"image wp-image-2369  attachment-medium size-medium\" alt=\"\" style=\"max-width: 100%; height: auto;\" srcset=\"http:\/\/pbapgo.meioambiente.go.gov.br\/wp-content\/uploads\/2021\/04\/marca_SABC-300x300.png 300w, http:\/\/pbapgo.meioambiente.go.gov.br\/wp-content\/uploads\/2021\/04\/marca_SABC-150x150.png 150w, http:\/\/pbapgo.meioambiente.go.gov.br\/wp-content\/uploads\/2021\/04\/marca_SABC-768x769.png 768w, http:\/\/pbapgo.meioambiente.go.gov.br\/wp-content\/uploads\/2021\/04\/marca_SABC.png 800w\" sizes=\"(max-width: 300px) 100vw, 300px\" \/><\/a><\/div><\/div><\/div><\/div><div id=\"pg-2352-11\"  class=\"panel-grid panel-has-style\" ><div class=\"panel-row-style panel-row-style-for-2352-11\" ><div id=\"pgc-2352-11-0\"  class=\"panel-grid-cell\" ><div id=\"panel-2352-11-0-0\" class=\"so-panel widget widget_media_image panel-first-child panel-last-child\" data-index=\"23\" ><a href=\"https:\/\/www.ifgoiano.edu.br\/home\/index.php\/ceres.html\"><img loading=\"lazy\" decoding=\"async\" width=\"205\" height=\"300\" src=\"http:\/\/pbapgo.meioambiente.go.gov.br\/wp-content\/uploads\/2021\/04\/marca_IFG_ceres-205x300.png\" class=\"image wp-image-2366  attachment-medium size-medium\" alt=\"\" style=\"max-width: 100%; height: auto;\" srcset=\"http:\/\/pbapgo.meioambiente.go.gov.br\/wp-content\/uploads\/2021\/04\/marca_IFG_ceres-205x300.png 205w, http:\/\/pbapgo.meioambiente.go.gov.br\/wp-content\/uploads\/2021\/04\/marca_IFG_ceres.png 606w\" sizes=\"(max-width: 205px) 100vw, 205px\" \/><\/a><\/div><\/div><div id=\"pgc-2352-11-1\"  class=\"panel-grid-cell\" ><div id=\"panel-2352-11-1-0\" class=\"so-panel widget widget_media_image panel-first-child panel-last-child\" data-index=\"24\" ><a href=\"https:\/\/uncme.org.br\/novo\/uncmego\/\"><img loading=\"lazy\" decoding=\"async\" width=\"300\" height=\"113\" src=\"http:\/\/pbapgo.meioambiente.go.gov.br\/wp-content\/uploads\/2021\/04\/marca_Uncme-Goias-300x113.jpeg\" class=\"image wp-image-2373  attachment-medium size-medium\" alt=\"\" style=\"max-width: 100%; height: auto;\" srcset=\"http:\/\/pbapgo.meioambiente.go.gov.br\/wp-content\/uploads\/2021\/04\/marca_Uncme-Goias-300x113.jpeg 300w, http:\/\/pbapgo.meioambiente.go.gov.br\/wp-content\/uploads\/2021\/04\/marca_Uncme-Goias-768x288.jpeg 768w, http:\/\/pbapgo.meioambiente.go.gov.br\/wp-content\/uploads\/2021\/04\/marca_Uncme-Goias.jpeg 800w\" sizes=\"(max-width: 300px) 100vw, 300px\" \/><\/a><\/div><\/div><div id=\"pgc-2352-11-2\"  class=\"panel-grid-cell\" ><div id=\"panel-2352-11-2-0\" class=\"so-panel widget widget_media_image panel-first-child panel-last-child\" data-index=\"25\" ><a href=\"https:\/\/fnpe.com.br\/centenariopaulofreire\/\"><img loading=\"lazy\" decoding=\"async\" width=\"300\" height=\"300\" src=\"http:\/\/pbapgo.meioambiente.go.gov.br\/wp-content\/uploads\/2021\/04\/selo_rumo_centenario_paulo_freire-300x300.png\" class=\"image wp-image-2374  attachment-medium size-medium\" alt=\"\" style=\"max-width: 100%; height: auto;\" srcset=\"http:\/\/pbapgo.meioambiente.go.gov.br\/wp-content\/uploads\/2021\/04\/selo_rumo_centenario_paulo_freire-300x300.png 300w, http:\/\/pbapgo.meioambiente.go.gov.br\/wp-content\/uploads\/2021\/04\/selo_rumo_centenario_paulo_freire-150x150.png 150w, http:\/\/pbapgo.meioambiente.go.gov.br\/wp-content\/uploads\/2021\/04\/selo_rumo_centenario_paulo_freire.png 683w\" sizes=\"(max-width: 300px) 100vw, 300px\" \/><\/a><\/div><\/div><div id=\"pgc-2352-11-3\"  class=\"panel-grid-cell\" ><div id=\"panel-2352-11-3-0\" class=\"so-panel widget widget_media_image panel-first-child panel-last-child\" data-index=\"26\" ><a href=\"http:\/\/www.ueg.br\/\"><img loading=\"lazy\" decoding=\"async\" width=\"279\" height=\"300\" src=\"http:\/\/pbapgo.meioambiente.go.gov.br\/wp-content\/uploads\/2021\/04\/marca_UEG-279x300.png\" class=\"image wp-image-2372  attachment-medium size-medium\" alt=\"\" style=\"max-width: 100%; height: auto;\" srcset=\"http:\/\/pbapgo.meioambiente.go.gov.br\/wp-content\/uploads\/2021\/04\/marca_UEG-279x300.png 279w, http:\/\/pbapgo.meioambiente.go.gov.br\/wp-content\/uploads\/2021\/04\/marca_UEG.png 721w\" sizes=\"(max-width: 279px) 100vw, 279px\" \/><\/a><\/div><\/div><\/div><\/div><div id=\"pg-2352-12\"  class=\"panel-grid panel-has-style\" ><div class=\"panel-row-style panel-row-style-for-2352-12\" ><div id=\"pgc-2352-12-0\"  class=\"panel-grid-cell panel-grid-cell-empty\" ><\/div><div id=\"pgc-2352-12-1\"  class=\"panel-grid-cell\" ><div id=\"panel-2352-12-1-0\" class=\"so-panel widget widget_media_image panel-first-child panel-last-child\" data-index=\"27\" ><a href=\"https:\/\/www.saneago.com.br\/#\/home\"><img loading=\"lazy\" decoding=\"async\" width=\"300\" height=\"253\" src=\"http:\/\/pbapgo.meioambiente.go.gov.br\/wp-content\/uploads\/2021\/04\/marca_Saneago-300x253.png\" class=\"image wp-image-2488  attachment-medium size-medium\" alt=\"\" style=\"max-width: 100%; height: auto;\" srcset=\"http:\/\/pbapgo.meioambiente.go.gov.br\/wp-content\/uploads\/2021\/04\/marca_Saneago-300x253.png 300w, http:\/\/pbapgo.meioambiente.go.gov.br\/wp-content\/uploads\/2021\/04\/marca_Saneago.png 600w\" sizes=\"(max-width: 300px) 100vw, 300px\" \/><\/a><\/div><\/div><div id=\"pgc-2352-12-2\"  class=\"panel-grid-cell panel-grid-cell-mobile-last\" ><div id=\"panel-2352-12-2-0\" class=\"so-panel widget widget_media_image panel-first-child panel-last-child\" data-index=\"28\" ><img loading=\"lazy\" decoding=\"async\" width=\"300\" height=\"212\" src=\"http:\/\/pbapgo.meioambiente.go.gov.br\/wp-content\/uploads\/2021\/04\/marca_quadrinhos-300x212.jpg\" class=\"image wp-image-2487  attachment-medium size-medium\" alt=\"\" style=\"max-width: 100%; height: auto;\" srcset=\"http:\/\/pbapgo.meioambiente.go.gov.br\/wp-content\/uploads\/2021\/04\/marca_quadrinhos-300x212.jpg 300w, http:\/\/pbapgo.meioambiente.go.gov.br\/wp-content\/uploads\/2021\/04\/marca_quadrinhos-768x543.jpg 768w, http:\/\/pbapgo.meioambiente.go.gov.br\/wp-content\/uploads\/2021\/04\/marca_quadrinhos.jpg 800w\" sizes=\"(max-width: 300px) 100vw, 300px\" \/><\/div><\/div><div id=\"pgc-2352-12-3\"  class=\"panel-grid-cell panel-grid-cell-empty\" ><\/div><\/div><\/div><\/div>","protected":false},"excerpt":{"rendered":"<p>Concurso &#8220;Um mar de cartas para a humanidade&#8221; O PBAP-GO \u00e9 fruto de uma parceria entre a Secretaria de Estado de Meio Ambiente e Recursos H\u00eddricos (Semad) e a Universidade &#8230;<\/p>\n","protected":false},"author":2,"featured_media":0,"parent":0,"menu_order":0,"comment_status":"closed","ping_status":"closed","template":"","meta":{"footnotes":""},"_links":{"self":[{"href":"http:\/\/pbapgo.meioambiente.go.gov.br\/index.php?rest_route=\/wp\/v2\/pages\/2352"}],"collection":[{"href":"http:\/\/pbapgo.meioambiente.go.gov.br\/index.php?rest_route=\/wp\/v2\/pages"}],"about":[{"href":"http:\/\/pbapgo.meioambiente.go.gov.br\/index.php?rest_route=\/wp\/v2\/types\/page"}],"author":[{"embeddable":true,"href":"http:\/\/pbapgo.meioambiente.go.gov.br\/index.php?rest_route=\/wp\/v2\/users\/2"}],"replies":[{"embeddable":true,"href":"http:\/\/pbapgo.meioambiente.go.gov.br\/index.php?rest_route=%2Fwp%2Fv2%2Fcomments&post=2352"}],"version-history":[{"count":112,"href":"http:\/\/pbapgo.meioambiente.go.gov.br\/index.php?rest_route=\/wp\/v2\/pages\/2352\/revisions"}],"predecessor-version":[{"id":2517,"href":"http:\/\/pbapgo.meioambiente.go.gov.br\/index.php?rest_route=\/wp\/v2\/pages\/2352\/revisions\/2517"}],"wp:attachment":[{"href":"http:\/\/pbapgo.meioambiente.go.gov.br\/index.php?rest_route=%2Fwp%2Fv2%2Fmedia&parent=2352"}],"curies":[{"name":"wp","href":"https:\/\/api.w.org\/{rel}","templated":true}]}}