















{"id":1983,"date":"2020-02-11T08:21:56","date_gmt":"2020-02-11T11:21:56","guid":{"rendered":"http:\/\/pbapgo.meioambiente.go.gov.br\/?page_id=1983"},"modified":"2021-09-08T18:45:32","modified_gmt":"2021-09-08T21:45:32","slug":"apresentacoes","status":"publish","type":"page","link":"http:\/\/pbapgo.meioambiente.go.gov.br\/?page_id=1983","title":{"rendered":"Apresenta\u00e7\u00f5es"},"content":{"rendered":"<div id=\"pl-1983\"  class=\"panel-layout\" ><div id=\"pg-1983-0\"  class=\"panel-grid panel-has-style\" ><div class=\"panel-row-style panel-row-style-for-1983-0\" ><div id=\"pgc-1983-0-0\"  class=\"panel-grid-cell\" ><div id=\"panel-1983-0-0-0\" class=\"so-panel widget widget_sow-editor panel-first-child panel-last-child\" data-index=\"0\" ><div\n\t\t\t\n\t\t\tclass=\"so-widget-sow-editor so-widget-sow-editor-base\"\n\t\t\t\n\t\t>\n<div class=\"siteorigin-widget-tinymce textwidget\">\n\t<p>01 - <a href=\"http:\/\/pbapgo.meioambiente.go.gov.br\/wp-content\/uploads\/2020\/02\/01-Introdu\u00e7\u00e3o.pdf\" target=\"_blank\" rel=\"noopener noreferrer\">Introdu\u00e7\u00e3o<\/a><br \/>\n01 - <a href=\"http:\/\/pbapgo.meioambiente.go.gov.br\/wp-content\/uploads\/2020\/02\/01-Socioeconomia-Corumb\u00e1.pdf\" target=\"_blank\" rel=\"noopener noreferrer\">Socioeconomia Corumb\u00e1<\/a><\/p>\n<hr \/>\n<p>02 - <a href=\"http:\/\/pbapgo.meioambiente.go.gov.br\/wp-content\/uploads\/2020\/02\/02-Socioeconomia-Rio-dos-Bois.pdf\" target=\"_blank\" rel=\"noopener noreferrer\">Socioeconomia - Rio dos Bois<\/a><br \/>\n02 - <a href=\"http:\/\/pbapgo.meioambiente.go.gov.br\/wp-content\/uploads\/2020\/02\/02-Socioeconomia-Baixo.pdf\" target=\"_blank\" rel=\"noopener noreferrer\">Socioeconomia Baixo<\/a><br \/>\n02 - <a href=\"http:\/\/pbapgo.meioambiente.go.gov.br\/wp-content\/uploads\/2020\/02\/02-Socioeconomia-Meia-Ponte.pdf\" target=\"_blank\" rel=\"noopener noreferrer\">Socioeconomia Meia Ponte<\/a><br \/>\n02 - <a href=\"http:\/\/pbapgo.meioambiente.go.gov.br\/wp-content\/uploads\/2021\/09\/02_Diagnostico-Baixo-Paranaiba.pdf\" target=\"_blank\" rel=\"noopener noreferrer\">Diagn\u00f3stico - Baixo Paranaiba<\/a><br \/>\n02 - <a href=\"http:\/\/pbapgo.meioambiente.go.gov.br\/wp-content\/uploads\/2021\/09\/02_Diagnostico-CVSM.pdf\" target=\"_blank\" rel=\"noopener noreferrer\">Diagn\u00f3stico - CVSM<\/a><br \/>\n02 - <a href=\"http:\/\/pbapgo.meioambiente.go.gov.br\/wp-content\/uploads\/2021\/09\/02_Diagnostico-Meia-Ponte.pdf\" target=\"_blank\" rel=\"noopener noreferrer\">Diagn\u00f3stico - Meia Ponte<\/a><br \/>\n02 - <a href=\"http:\/\/pbapgo.meioambiente.go.gov.br\/wp-content\/uploads\/2021\/09\/02_Diagnostico_RioDosBois.pdf\" target=\"_blank\" rel=\"noopener noreferrer\">Diagn\u00f3stico - Rio dos Bois<\/a><\/p>\n<hr \/>\n<p>03 - <a href=\"http:\/\/pbapgo.meioambiente.go.gov.br\/wp-content\/uploads\/2020\/02\/03-Caracteriza\u00e7\u00e3o-F\u00edsica-Rio-dos-Bois.pdf\" target=\"_blank\" rel=\"noopener noreferrer\">Caracteriza\u00e7\u00e3o F\u00edsica - Rio dos Bois<\/a><br \/>\n03 - <a href=\"http:\/\/pbapgo.meioambiente.go.gov.br\/wp-content\/uploads\/2020\/02\/03-Caracteriza\u00e7\u00e3o-F\u00edsica-Baixo.pdf\" target=\"_blank\" rel=\"noopener noreferrer\">Caracteriza\u00e7\u00e3o F\u00edsica Baixo<\/a><br \/>\n03 - <a href=\"http:\/\/pbapgo.meioambiente.go.gov.br\/wp-content\/uploads\/2020\/02\/03-Caracteriza\u00e7\u00e3o-F\u00edsica-Corumb\u00e1.pdf\" target=\"_blank\" rel=\"noopener noreferrer\">Caracteriza\u00e7\u00e3o F\u00edsica Corumb\u00e1<\/a><br \/>\n03 - <a href=\"http:\/\/pbapgo.meioambiente.go.gov.br\/wp-content\/uploads\/2020\/02\/03-Caracteriza\u00e7\u00e3o-Fisica-Meia-Ponte.pdf\" target=\"_blank\" rel=\"noopener noreferrer\">Caracteriza\u00e7\u00e3o F\u00edsica Meia Ponte<\/a><br \/>\n03 - <a href=\"http:\/\/pbapgo.meioambiente.go.gov.br\/wp-content\/uploads\/2021\/09\/03_Prognostico-Baixo-Paranaiba.pdf\" target=\"_blank\" rel=\"noopener noreferrer\">Progn\u00f3stico - Baixo Paranaiba<\/a><br \/>\n03 - <a href=\"http:\/\/pbapgo.meioambiente.go.gov.br\/wp-content\/uploads\/2021\/09\/03_Prognostico-Meia-Ponte.pdf\" target=\"_blank\" rel=\"noopener noreferrer\">Progn\u00f3stico - Meia Ponte<\/a><br \/>\n03 - <a href=\"http:\/\/pbapgo.meioambiente.go.gov.br\/wp-content\/uploads\/2021\/09\/03_Prognostico-CVSM.pdf\" target=\"_blank\" rel=\"noopener noreferrer\">Progn\u00f3stico - CVSM<\/a><br \/>\n03 - <a href=\"http:\/\/pbapgo.meioambiente.go.gov.br\/wp-content\/uploads\/2021\/09\/03_Prognostico_RioDosBois.pdf\" target=\"_blank\" rel=\"noopener noreferrer\">Progn\u00f3stico - Rio dos Bois<\/a><\/p>\n<hr \/>\n<p>04 - <a href=\"http:\/\/pbapgo.meioambiente.go.gov.br\/wp-content\/uploads\/2020\/02\/04-Hidrogeologia-Baixo.pdf\" target=\"_blank\" rel=\"noopener noreferrer\">Hidrogeologia Baixo<\/a><br \/>\n04 - <a href=\"http:\/\/pbapgo.meioambiente.go.gov.br\/wp-content\/uploads\/2020\/02\/04-Hidrogeologia-Corumb\u00e1.pdf\" target=\"_blank\" rel=\"noopener noreferrer\">Hidrogeologia Corumb\u00e1<\/a><br \/>\n04 - <a href=\"http:\/\/pbapgo.meioambiente.go.gov.br\/wp-content\/uploads\/2020\/02\/04-Hidrogeologia-Meia-Ponte.pdf\" target=\"_blank\" rel=\"noopener noreferrer\">Hidrogeologia Meia Ponte<\/a><br \/>\n04 - <a href=\"http:\/\/pbapgo.meioambiente.go.gov.br\/wp-content\/uploads\/2020\/02\/04-Hidrogeol\u00f3gico-Rio-dos-Bois-.pdf\" target=\"_blank\" rel=\"noopener noreferrer\">Hidrogeol\u00f3gico Rio dos Bois<\/a><br \/>\n04 - <a href=\"http:\/\/pbapgo.meioambiente.go.gov.br\/wp-content\/uploads\/2021\/09\/04_Plano-de-Acoes-Baixo-Paranaiba.pdf\" target=\"_blank\" rel=\"noopener noreferrer\">Plano de A\u00e7\u00f5es - Baixo Parana\u00edba<\/a><br \/>\n04 - <a href=\"http:\/\/pbapgo.meioambiente.go.gov.br\/wp-content\/uploads\/2021\/09\/04_Plano-de-Acoes-Meia-Ponte.pdf\" target=\"_blank\" rel=\"noopener noreferrer\">Plano de A\u00e7\u00f5es - Meia Ponte<\/a><br \/>\n04 - <a href=\"http:\/\/pbapgo.meioambiente.go.gov.br\/wp-content\/uploads\/2021\/09\/04_PlanoDeAcoes_CVSM.pdf\" target=\"_blank\" rel=\"noopener noreferrer\">Plano de A\u00e7\u00f5es - CVSM<\/a><br \/>\n04 - <a href=\"http:\/\/pbapgo.meioambiente.go.gov.br\/wp-content\/uploads\/2021\/09\/04_PlanoDeAcoes_RioDosBois.pdf\" target=\"_blank\" rel=\"noopener noreferrer\">Plano de A\u00e7\u00f5es - Rio dos Bois<\/a><\/p>\n<hr \/>\n<p>05 - <a href=\"http:\/\/pbapgo.meioambiente.go.gov.br\/wp-content\/uploads\/2020\/02\/05-Qualidade-das-\u00c1guas-Rio-dos-Bois.pdf\" target=\"_blank\" rel=\"noopener noreferrer\">Qualidade das \u00c1guas - Rio dos Bois<\/a><br \/>\n05 - <a href=\"http:\/\/pbapgo.meioambiente.go.gov.br\/wp-content\/uploads\/2020\/02\/05-Qualidade-das-\u00c1guas-Corumb\u00e1.pdf\" target=\"_blank\" rel=\"noopener noreferrer\">Qualidade das \u00c1guas Corumb\u00e1<\/a><br \/>\n05 - <a href=\"http:\/\/pbapgo.meioambiente.go.gov.br\/wp-content\/uploads\/2020\/02\/05-Qualidade-das-\u00c1guas-Meia-Ponte.pdf\" target=\"_blank\" rel=\"noopener noreferrer\">Qualidade das \u00c1guas Meia Ponte<\/a><br \/>\n05 - <a href=\"http:\/\/pbapgo.meioambiente.go.gov.br\/wp-content\/uploads\/2020\/02\/05-Qualidade-das-\u00c1guas.pdf\" target=\"_blank\" rel=\"noopener noreferrer\">Qualidade das \u00c1guas<\/a><br \/>\n05 - <a href=\"http:\/\/pbapgo.meioambiente.go.gov.br\/wp-content\/uploads\/2021\/09\/05_Enquadramento-Baixo-Paranaiba.pdf\" target=\"_blank\" rel=\"noopener noreferrer\">Enquadramento - Baixo Parana\u00edba<\/a><br \/>\n05 - <a href=\"http:\/\/pbapgo.meioambiente.go.gov.br\/wp-content\/uploads\/2021\/09\/05_PropostaEnquadramento_CVSM.pdf\" target=\"_blank\" rel=\"noopener noreferrer\">Enquadramento - CVSM<\/a><br \/>\n05 - <a href=\"http:\/\/pbapgo.meioambiente.go.gov.br\/wp-content\/uploads\/2021\/09\/05_PropostaEnquadramento_RioDosBois.pdf\" target=\"_blank\" rel=\"noopener noreferrer\">Enquadramento - Rio dos Bois<\/a><br \/>\n05 - <a href=\"http:\/\/pbapgo.meioambiente.go.gov.br\/wp-content\/uploads\/2021\/09\/05_PropostaEnquadramento_RioMeiaPonte.pdf\" target=\"_blank\" rel=\"noopener noreferrer\">Enquadramento - Meia Ponte<\/a><\/p>\n<hr \/>\n<p>06 - <a href=\"http:\/\/pbapgo.meioambiente.go.gov.br\/wp-content\/uploads\/2020\/02\/06-Hidrologia-Rio-dos-Bois.pdf\" target=\"_blank\" rel=\"noopener noreferrer\">Hidrologia - Rio dos Bois<\/a><br \/>\n06 - <a href=\"http:\/\/pbapgo.meioambiente.go.gov.br\/wp-content\/uploads\/2020\/02\/06-Hidrologia-Baixo.pdf\" target=\"_blank\" rel=\"noopener noreferrer\">Hidrologia Baixo Parana\u00edba<\/a><br \/>\n06 - <a href=\"http:\/\/pbapgo.meioambiente.go.gov.br\/wp-content\/uploads\/2020\/02\/06-Hidrologia-Corumba.pdf\" target=\"_blank\" rel=\"noopener noreferrer\">Hidrologia Corumb\u00e1<\/a><br \/>\n06 - <a href=\"http:\/\/pbapgo.meioambiente.go.gov.br\/wp-content\/uploads\/2020\/02\/06-Hidrologia_Meia_Ponte.pdf\" target=\"_blank\" rel=\"noopener noreferrer\">Hidrologia Meia Ponte<\/a><\/p>\n<\/div>\n<\/div><\/div><\/div><\/div><\/div><\/div>","protected":false},"excerpt":{"rendered":"<p>01 &#8211; Introdu\u00e7\u00e3o 01 &#8211; Socioeconomia Corumb\u00e1 02 &#8211; Socioeconomia &#8211; Rio dos Bois 02 &#8211; Socioeconomia Baixo 02 &#8211; Socioeconomia Meia Ponte 02 &#8211; Diagn\u00f3stico &#8211; Baixo Paranaiba 02 &#8230;<\/p>\n","protected":false},"author":2,"featured_media":0,"parent":0,"menu_order":0,"comment_status":"closed","ping_status":"closed","template":"","meta":{"footnotes":""},"_links":{"self":[{"href":"http:\/\/pbapgo.meioambiente.go.gov.br\/index.php?rest_route=\/wp\/v2\/pages\/1983"}],"collection":[{"href":"http:\/\/pbapgo.meioambiente.go.gov.br\/index.php?rest_route=\/wp\/v2\/pages"}],"about":[{"href":"http:\/\/pbapgo.meioambiente.go.gov.br\/index.php?rest_route=\/wp\/v2\/types\/page"}],"author":[{"embeddable":true,"href":"http:\/\/pbapgo.meioambiente.go.gov.br\/index.php?rest_route=\/wp\/v2\/users\/2"}],"replies":[{"embeddable":true,"href":"http:\/\/pbapgo.meioambiente.go.gov.br\/index.php?rest_route=%2Fwp%2Fv2%2Fcomments&post=1983"}],"version-history":[{"count":6,"href":"http:\/\/pbapgo.meioambiente.go.gov.br\/index.php?rest_route=\/wp\/v2\/pages\/1983\/revisions"}],"predecessor-version":[{"id":2680,"href":"http:\/\/pbapgo.meioambiente.go.gov.br\/index.php?rest_route=\/wp\/v2\/pages\/1983\/revisions\/2680"}],"wp:attachment":[{"href":"http:\/\/pbapgo.meioambiente.go.gov.br\/index.php?rest_route=%2Fwp%2Fv2%2Fmedia&parent=1983"}],"curies":[{"name":"wp","href":"https:\/\/api.w.org\/{rel}","templated":true}]}}