















{"id":1499,"date":"2019-03-12T09:01:42","date_gmt":"2019-03-12T12:01:42","guid":{"rendered":"http:\/\/pbapgo.meioambiente.go.gov.br\/?page_id=1499"},"modified":"2019-05-27T20:25:38","modified_gmt":"2019-05-27T23:25:38","slug":"upgrh-afluentes","status":"publish","type":"page","link":"http:\/\/pbapgo.meioambiente.go.gov.br\/?page_id=1499","title":{"rendered":"UPGRH Afluentes Goianos do Baixo Parana\u00edba"},"content":{"rendered":"<div id=\"pl-1499\"  class=\"panel-layout\" ><div id=\"pg-1499-0\"  class=\"panel-grid panel-has-style\" ><div class=\"panel-row-style panel-row-style-for-1499-0\" ><div id=\"pgc-1499-0-0\"  class=\"panel-grid-cell\" ><div id=\"panel-1499-0-0-0\" class=\"so-panel widget widget_text panel-first-child panel-last-child\" data-index=\"0\" >\t\t\t<div class=\"textwidget\"><p>Esta UPGRH faz divisa entre os estados de Goi\u00e1s, Mato Grosso do Sul e Minas Gerais. Nela est\u00e3o localizados os munic\u00edpios de Chapad\u00e3o do C\u00e9u, Jata\u00ed, Mineiros, S\u00e3o Sim\u00e3o, Quirin\u00f3polis, Ca\u00e7u, Itaj\u00e1, Itamur\u00e3, Serran\u00f3polis, Cachoeira Alta, Paranaiguara e Portel\u00e2ndia (parcialmente), al\u00e9m do Parque Nacional das Emas, que preserva amostras representativas dos ecossistemas do cerrado.<\/p>\n<\/div>\n\t\t<\/div><\/div><\/div><\/div><div id=\"pg-1499-1\"  class=\"panel-grid panel-has-style\" ><div class=\"panel-row-style panel-row-style-for-1499-1\" ><div id=\"pgc-1499-1-0\"  class=\"panel-grid-cell\" ><div id=\"panel-1499-1-0-0\" class=\"so-panel widget widget_media_image panel-first-child panel-last-child\" data-index=\"1\" ><img loading=\"lazy\" decoding=\"async\" width=\"300\" height=\"300\" src=\"http:\/\/pbapgo.meioambiente.go.gov.br\/wp-content\/uploads\/2019\/03\/afluente_01-300x300.jpg\" class=\"image wp-image-1508  attachment-medium size-medium\" alt=\"\" style=\"max-width: 100%; height: auto;\" srcset=\"http:\/\/pbapgo.meioambiente.go.gov.br\/wp-content\/uploads\/2019\/03\/afluente_01-300x300.jpg 300w, http:\/\/pbapgo.meioambiente.go.gov.br\/wp-content\/uploads\/2019\/03\/afluente_01-150x150.jpg 150w, http:\/\/pbapgo.meioambiente.go.gov.br\/wp-content\/uploads\/2019\/03\/afluente_01.jpg 701w\" sizes=\"(max-width: 300px) 100vw, 300px\" \/><\/div><\/div><div id=\"pgc-1499-1-1\"  class=\"panel-grid-cell\" ><div id=\"panel-1499-1-1-0\" class=\"so-panel widget widget_text panel-first-child panel-last-child\" data-index=\"2\" >\t\t\t<div class=\"textwidget\"><p>A agricultura \u00e9 intensa, com destaque para os munic\u00edpios de Jata\u00ed, Mineiros e Chapad\u00e3o do C\u00e9u. O setor sucroalcooleiro predomina em grande parte desta unidade e ainda s\u00e3o observadas algumas Usinas Hidrel\u00e9tricas (UHEs) e Pequenas Centrais Hidrel\u00e9tricas (PCHs) na \u00e1rea. Uma dessas UHEs, a Espora, teve sua barragem rompida em janeiro de 2008, o que provocou a deteriora\u00e7\u00e3o do leito do Rio Corrente, deixando as margens com pouca mata ciliar.<\/p>\n<\/div>\n\t\t<\/div><\/div><\/div><\/div><\/div>","protected":false},"excerpt":{"rendered":"<p>Esta UPGRH faz divisa entre os estados de Goi\u00e1s, Mato Grosso do Sul e Minas Gerais. Nela est\u00e3o localizados os munic\u00edpios de Chapad\u00e3o do C\u00e9u, Jata\u00ed, Mineiros, S\u00e3o Sim\u00e3o, Quirin\u00f3polis, &#8230;<\/p>\n","protected":false},"author":2,"featured_media":0,"parent":0,"menu_order":0,"comment_status":"closed","ping_status":"closed","template":"","meta":{"footnotes":""},"_links":{"self":[{"href":"http:\/\/pbapgo.meioambiente.go.gov.br\/index.php?rest_route=\/wp\/v2\/pages\/1499"}],"collection":[{"href":"http:\/\/pbapgo.meioambiente.go.gov.br\/index.php?rest_route=\/wp\/v2\/pages"}],"about":[{"href":"http:\/\/pbapgo.meioambiente.go.gov.br\/index.php?rest_route=\/wp\/v2\/types\/page"}],"author":[{"embeddable":true,"href":"http:\/\/pbapgo.meioambiente.go.gov.br\/index.php?rest_route=\/wp\/v2\/users\/2"}],"replies":[{"embeddable":true,"href":"http:\/\/pbapgo.meioambiente.go.gov.br\/index.php?rest_route=%2Fwp%2Fv2%2Fcomments&post=1499"}],"version-history":[{"count":12,"href":"http:\/\/pbapgo.meioambiente.go.gov.br\/index.php?rest_route=\/wp\/v2\/pages\/1499\/revisions"}],"predecessor-version":[{"id":1591,"href":"http:\/\/pbapgo.meioambiente.go.gov.br\/index.php?rest_route=\/wp\/v2\/pages\/1499\/revisions\/1591"}],"wp:attachment":[{"href":"http:\/\/pbapgo.meioambiente.go.gov.br\/index.php?rest_route=%2Fwp%2Fv2%2Fmedia&parent=1499"}],"curies":[{"name":"wp","href":"https:\/\/api.w.org\/{rel}","templated":true}]}}