















{"id":1461,"date":"2019-03-11T22:15:08","date_gmt":"2019-03-12T01:15:08","guid":{"rendered":"http:\/\/pbapgo.meioambiente.go.gov.br\/?page_id=1461"},"modified":"2021-01-29T11:07:29","modified_gmt":"2021-01-29T14:07:29","slug":"na-midia","status":"publish","type":"page","link":"http:\/\/pbapgo.meioambiente.go.gov.br\/?page_id=1461","title":{"rendered":"Na M\u00eddia"},"content":{"rendered":"<div id=\"pl-1461\"  class=\"panel-layout\" ><div id=\"pg-1461-0\"  class=\"panel-grid panel-has-style\" ><div class=\"panel-row-style panel-row-style-for-1461-0\" ><div id=\"pgc-1461-0-0\"  class=\"panel-grid-cell\" ><div id=\"panel-1461-0-0-0\" class=\"so-panel widget widget_sow-editor panel-first-child panel-last-child\" data-index=\"0\" ><div\n\t\t\t\n\t\t\tclass=\"so-widget-sow-editor so-widget-sow-editor-base\"\n\t\t\t\n\t\t>\n<div class=\"siteorigin-widget-tinymce textwidget\">\n\t<p><!-- wp:paragraph --><\/p>\n<p>Confira as mat\u00e9rias publicadas na m\u00eddia:<\/p>\n<hr \/>\n<p>&nbsp;<\/p>\n<p><!-- \/wp:paragraph --><\/p>\n<\/div>\n<\/div><\/div><\/div><\/div><\/div><div id=\"pg-1461-1\"  class=\"panel-grid panel-has-style\" ><div class=\"panel-row-style panel-row-style-for-1461-1\" ><div id=\"pgc-1461-1-0\"  class=\"panel-grid-cell\" ><div id=\"panel-1461-1-0-0\" class=\"so-panel widget widget_media_image panel-first-child panel-last-child\" data-index=\"1\" ><img loading=\"lazy\" decoding=\"async\" class=\"image \" src=\"http:\/\/pbapgo.meioambiente.go.gov.br\/wp-content\/uploads\/2021\/01\/not3_29_01_21.jpg\" alt=\"\" width=\"300\" height=\"150\" \/><\/div><\/div><div id=\"pgc-1461-1-1\"  class=\"panel-grid-cell\" ><div id=\"panel-1461-1-1-0\" class=\"so-panel widget widget_sow-editor panel-first-child panel-last-child\" data-index=\"2\" ><div\n\t\t\t\n\t\t\tclass=\"so-widget-sow-editor so-widget-sow-editor-base\"\n\t\t\t\n\t\t>\n<div class=\"siteorigin-widget-tinymce textwidget\">\n\t<h3><a href=\"https:\/\/jornal.ufg.br\/n\/137850-equipe-tecnica-da-ufg-apresenta-planos-para-gestao-da-agua-em-goias\" target=\"_blank\" rel=\"noopener noreferrer\">Equipe t\u00e9cnica da UFG apresenta planos para gest\u00e3o da \u00e1gua em Goi\u00e1s<\/a><\/h3>\n<p>Quarta etapa dos Planos de Bacias dos Afluentes do Parana\u00edba do Estado de Goi\u00e1s (PBAP-GO) \u00e9 conclu\u00edda ap\u00f3s um ano de trabalhos t\u00e9cnicos.<\/p>\n<\/div>\n<\/div><\/div><\/div><\/div><\/div><div id=\"pg-1461-2\"  class=\"panel-grid panel-has-style\" ><div class=\"panel-row-style panel-row-style-for-1461-2\" ><div id=\"pgc-1461-2-0\"  class=\"panel-grid-cell\" ><div id=\"panel-1461-2-0-0\" class=\"so-panel widget widget_media_image panel-first-child panel-last-child\" data-index=\"3\" ><img loading=\"lazy\" decoding=\"async\" class=\"image \" src=\"http:\/\/pbapgo.meioambiente.go.gov.br\/wp-content\/uploads\/2021\/01\/not2_29_01_21.jpg\" alt=\"\" width=\"300\" height=\"150\" \/><\/div><\/div><div id=\"pgc-1461-2-1\"  class=\"panel-grid-cell\" ><div id=\"panel-1461-2-1-0\" class=\"so-panel widget widget_sow-editor panel-first-child panel-last-child\" data-index=\"4\" ><div\n\t\t\t\n\t\t\tclass=\"so-widget-sow-editor so-widget-sow-editor-base\"\n\t\t\t\n\t\t>\n<div class=\"siteorigin-widget-tinymce textwidget\">\n\t<h3><a href=\"https:\/\/www.fic.ufg.br\/n\/137748-semad-e-ufg-apresentam-plano-de-acoes-dos-recursos-hidricos-para-as-bacias-afluentes-do-rio-paranaiba-em-goias-pbap-go\" target=\"_blank\" rel=\"noopener noreferrer\">Semad e UFG apresentam Plano de A\u00e7\u00f5es dos recursos h\u00eddricos para as bacias afluentes do Rio Parana\u00edba em Goi\u00e1s (PBAP-GO)<\/a><\/h3>\n<p>De 19 a 22 de janeiro, a Superintend\u00eancia de Recursos H\u00eddricos e Saneamento (Semad), juntamente com a equipe t\u00e9cnica de professores da UFG, apresentam o Plano de A\u00e7\u00f5es aos Comit\u00eas de Bacias Hidrogr\u00e1ficas.<\/p>\n<\/div>\n<\/div><\/div><\/div><\/div><\/div><div id=\"pg-1461-3\"  class=\"panel-grid panel-has-style\" ><div class=\"panel-row-style panel-row-style-for-1461-3\" ><div id=\"pgc-1461-3-0\"  class=\"panel-grid-cell\" ><div id=\"panel-1461-3-0-0\" class=\"so-panel widget widget_media_image panel-first-child panel-last-child\" data-index=\"5\" ><img loading=\"lazy\" decoding=\"async\" class=\"image \" src=\"http:\/\/pbapgo.meioambiente.go.gov.br\/wp-content\/uploads\/2021\/01\/not1_29_01_21.jpg\" alt=\"\" width=\"300\" height=\"150\" \/><\/div><\/div><div id=\"pgc-1461-3-1\"  class=\"panel-grid-cell\" ><div id=\"panel-1461-3-1-0\" class=\"so-panel widget widget_sow-editor panel-first-child panel-last-child\" data-index=\"6\" ><div\n\t\t\t\n\t\t\tclass=\"so-widget-sow-editor so-widget-sow-editor-base\"\n\t\t\t\n\t\t>\n<div class=\"siteorigin-widget-tinymce textwidget\">\n\t<h3><a href=\"https:\/\/ufg.br\/e\/28861-semad-e-ufg-apresentam-plano-de-acoes-dos-recursos-hidricos-para-a-bacia-do-rio-meia-ponte-que-abastece-a-nossa-capital\" target=\"_blank\" rel=\"noopener noreferrer\">Semad e UFG apresentam Plano de A\u00e7\u00f5es dos recursos h\u00eddricos para a Bacia do Rio Meia Ponte que abastece a nossa Capital<\/a><\/h3>\n<p>Dia 22 de janeiro, a Superintend\u00eancia de Recursos H\u00eddricos e Saneamento (Semad), juntamente com a equipe t\u00e9cnica de professores da UFG, apresenta o Plano de A\u00e7\u00f5es ao Comit\u00eas de Bacia do Rio Meia Ponte.<\/p>\n<\/div>\n<\/div><\/div><\/div><\/div><\/div><div id=\"pg-1461-4\"  class=\"panel-grid panel-has-style\" ><div class=\"panel-row-style panel-row-style-for-1461-4\" ><div id=\"pgc-1461-4-0\"  class=\"panel-grid-cell\" ><div id=\"panel-1461-4-0-0\" class=\"so-panel widget widget_media_image panel-first-child panel-last-child\" data-index=\"7\" ><img loading=\"lazy\" decoding=\"async\" class=\"image \" src=\"https:\/\/blogdacris.com.br\/wp-content\/uploads\/2020\/03\/logo-blog-new.png\" alt=\"\" width=\"6161\" height=\"3167\" \/><\/div><\/div><div id=\"pgc-1461-4-1\"  class=\"panel-grid-cell\" ><div id=\"panel-1461-4-1-0\" class=\"so-panel widget widget_sow-editor panel-first-child panel-last-child\" data-index=\"8\" ><div\n\t\t\t\n\t\t\tclass=\"so-widget-sow-editor so-widget-sow-editor-base\"\n\t\t\t\n\t\t>\n<div class=\"siteorigin-widget-tinymce textwidget\">\n\t<h3><a href=\"https:\/\/blogdacris.com.br\/noticias\/brasil\/estados\/goias\/semad-apresenta-prognosticos-da-bacia-do-rio-paranaiba\/\" target=\"_blank\" rel=\"noopener noreferrer\">Semad apresenta progn\u00f3sticos da Bacia do Rio Parana\u00edba<\/a><\/h3>\n<p>Nesta primeira apresenta\u00e7\u00e3o, Progn\u00f3stico dos Recursos H\u00eddricos dos Planos de Bacia \u00e0 Plen\u00e1ria dos Rios Corumb\u00e1, Ver\u00edssimo e por\u00e7\u00e3o goiana do Rio S\u00e3o Marcos.<\/p>\n<\/div>\n<\/div><\/div><\/div><\/div><\/div><div id=\"pg-1461-5\"  class=\"panel-grid panel-has-style\" ><div class=\"panel-row-style panel-row-style-for-1461-5\" ><div id=\"pgc-1461-5-0\"  class=\"panel-grid-cell\" ><div id=\"panel-1461-5-0-0\" class=\"so-panel widget widget_media_image panel-first-child panel-last-child\" data-index=\"9\" ><img loading=\"lazy\" decoding=\"async\" width=\"300\" height=\"150\" src=\"http:\/\/pbapgo.meioambiente.go.gov.br\/wp-content\/uploads\/2020\/10\/semad-300x150.jpg\" class=\"image wp-image-2080  attachment-medium size-medium\" alt=\"\" style=\"max-width: 100%; height: auto;\" \/><\/div><\/div><div id=\"pgc-1461-5-1\"  class=\"panel-grid-cell\" ><div id=\"panel-1461-5-1-0\" class=\"so-panel widget widget_sow-editor panel-first-child panel-last-child\" data-index=\"10\" ><div\n\t\t\t\n\t\t\tclass=\"so-widget-sow-editor so-widget-sow-editor-base\"\n\t\t\t\n\t\t>\n<div class=\"siteorigin-widget-tinymce textwidget\">\n\t<h3><a href=\"https:\/\/www.meioambiente.go.gov.br\/noticias\/2061-semad-inicia-apresenta%C3%A7%C3%A3o-dos-progn%C3%B3sticos-dos-recursos-h%C3%ADdricos-dos-planos-de-bacia-dos-afluentes-do-rio-parana%C3%ADba-do-estado-de-goi%C3%A1s-nesta-ter%C3%A7a-feira.html\" target=\"_blank\" rel=\"noopener noreferrer\">Semad inicia apresenta\u00e7\u00e3o dos Progn\u00f3sticos dos Recursos H\u00eddricos dos Planos de Bacia dos afluentes do Rio Parana\u00edba do Estado de Goi\u00e1s nesta ter\u00e7a-feira <\/a><\/h3>\n<p>Evento, que ocorrer\u00e1 a partir das 9h, contar\u00e1 com a presen\u00e7a de representantes da Superintend\u00eancia de Recursos H\u00eddricos e Saneamento da Secretaria Estadual de Meio Ambiente e Desenvolvimento Sustent\u00e1vel, al\u00e9m de representantes dos Comit\u00eas das Bacias e da UFG, e ser\u00e1 o primeiro de uma s\u00e9rie de quatro que ocorrer\u00e3o nesta semana<\/p>\n<\/div>\n<\/div><\/div><\/div><\/div><\/div><div id=\"pg-1461-6\"  class=\"panel-grid panel-has-style\" ><div class=\"panel-row-style panel-row-style-for-1461-6\" ><div id=\"pgc-1461-6-0\"  class=\"panel-grid-cell\" ><div id=\"panel-1461-6-0-0\" class=\"so-panel widget widget_media_image panel-first-child panel-last-child\" data-index=\"11\" ><img loading=\"lazy\" decoding=\"async\" class=\"image \" src=\"https:\/\/www.goias.gov.br\/images\/2020\/Bacia_do_Paranaba_1.jpg\" alt=\"\" width=\"960\" height=\"540\" \/><\/div><\/div><div id=\"pgc-1461-6-1\"  class=\"panel-grid-cell\" ><div id=\"panel-1461-6-1-0\" class=\"so-panel widget widget_sow-editor panel-first-child panel-last-child\" data-index=\"12\" ><div\n\t\t\t\n\t\t\tclass=\"so-widget-sow-editor so-widget-sow-editor-base\"\n\t\t\t\n\t\t>\n<div class=\"siteorigin-widget-tinymce textwidget\">\n\t<h3><a href=\"https:\/\/www.goias.gov.br\/servico\/33-meio-ambiente\/123317-semad-apresenta-progn%C3%B3sticos-dos-recursos-h%C3%ADdricos.html\" target=\"_blank\" rel=\"noopener noreferrer\">Semad apresenta progn\u00f3sticos da Bacia do Rio Parana\u00edba<\/a><\/h3>\n<p>Nesta primeira apresenta\u00e7\u00e3o, Progn\u00f3stico dos Recursos H\u00eddricos dos Planos de Bacia \u00e0 Plen\u00e1ria dos Rios Corumb\u00e1, Ver\u00edssimo e por\u00e7\u00e3o goiana do Rio S\u00e3o Marcos.<\/p>\n<\/div>\n<\/div><\/div><\/div><\/div><\/div><div id=\"pg-1461-7\"  class=\"panel-grid panel-has-style\" ><div class=\"panel-row-style panel-row-style-for-1461-7\" ><div id=\"pgc-1461-7-0\"  class=\"panel-grid-cell\" ><div id=\"panel-1461-7-0-0\" class=\"so-panel widget widget_media_image panel-first-child panel-last-child\" data-index=\"13\" ><img loading=\"lazy\" decoding=\"async\" class=\"image \" src=\"https:\/\/sdnews.com.br\/hf-conteudo\/uploads\/layout\/logo_c7ddab91a7cb2a91664f5c6dbe33622b.jpg\" alt=\"\" width=\"1359\" height=\"1236\" \/><\/div><\/div><div id=\"pgc-1461-7-1\"  class=\"panel-grid-cell\" ><div id=\"panel-1461-7-1-0\" class=\"so-panel widget widget_sow-editor panel-first-child panel-last-child\" data-index=\"14\" ><div\n\t\t\t\n\t\t\tclass=\"so-widget-sow-editor so-widget-sow-editor-base\"\n\t\t\t\n\t\t>\n<div class=\"siteorigin-widget-tinymce textwidget\">\n\t<h3><a href=\"https:\/\/sdnews.com.br\/noticia\/1562\/prognostico-do-pbap-go-revela-o-futuro-das-aguas-do-estado-de-goias.html\" target=\"_blank\" rel=\"noopener noreferrer\">Progn\u00f3stico do PBAP-GO revela o futuro das \u00e1guas do Estado de Goi\u00e1s<\/a><\/h3>\n<p>A equipe t\u00e9cnica, coordenada pelo professor Klebber Teodomiro Martins Formiga, apresentar\u00e1 os dados do progn\u00f3stico por meio da plataforma Zoom, mas a reuni\u00e3o ser\u00e1 transmitida para a comunidade pelo Facebook da Semad: @semadgoias <\/p>\n<\/div>\n<\/div><\/div><\/div><\/div><\/div><div id=\"pg-1461-8\"  class=\"panel-grid panel-has-style\" ><div class=\"panel-row-style panel-row-style-for-1461-8\" ><div id=\"pgc-1461-8-0\"  class=\"panel-grid-cell\" ><div id=\"panel-1461-8-0-0\" class=\"so-panel widget widget_media_image panel-first-child panel-last-child\" data-index=\"15\" ><img decoding=\"async\" class=\"image \" src=\"https:\/\/files.cercomp.ufg.br\/weby\/up\/74\/o\/FIC_PRETO.svg?1582743029\" alt=\"\" width=\"\" height=\"\" \/><\/div><\/div><div id=\"pgc-1461-8-1\"  class=\"panel-grid-cell\" ><div id=\"panel-1461-8-1-0\" class=\"so-panel widget widget_sow-editor panel-first-child panel-last-child\" data-index=\"16\" ><div\n\t\t\t\n\t\t\tclass=\"so-widget-sow-editor so-widget-sow-editor-base\"\n\t\t\t\n\t\t>\n<div class=\"siteorigin-widget-tinymce textwidget\">\n\t<h3><a href=\"https:\/\/fic.ufg.br\/n\/134777-equipe-tecnica-da-ufg-apresenta-prognostico-dos-planos-de-recursos-hidricos-pbap-go\" target=\"_blank\" rel=\"noopener noreferrer\">Equipe t\u00e9cnica da UFG apresenta Progn\u00f3stico dos Planos de Recursos H\u00eddricos (PBAP-GO)<\/a><\/h3>\n<p>As apresenta\u00e7\u00f5es ocorrem de 20 a 23 de outubro, das 09h \u00e0s 12h, via Facebook da Secretaria do Meio Ambiente - Semad Goi\u00e1s.<\/p>\n<\/div>\n<\/div><\/div><\/div><\/div><\/div><div id=\"pg-1461-9\"  class=\"panel-grid panel-has-style\" ><div class=\"panel-row-style panel-row-style-for-1461-9\" ><div id=\"pgc-1461-9-0\"  class=\"panel-grid-cell\" ><div id=\"panel-1461-9-0-0\" class=\"so-panel widget widget_media_image panel-first-child panel-last-child\" data-index=\"17\" ><img loading=\"lazy\" decoding=\"async\" class=\"image \" src=\"https:\/\/www.bombabomba.com.br\/wp-content\/uploads\/2020\/03\/logo_oficial_.fw_.png\" alt=\"\" width=\"308\" height=\"239\" \/><\/div><\/div><div id=\"pgc-1461-9-1\"  class=\"panel-grid-cell\" ><div id=\"panel-1461-9-1-0\" class=\"so-panel widget widget_sow-editor panel-first-child panel-last-child\" data-index=\"18\" ><div\n\t\t\t\n\t\t\tclass=\"so-widget-sow-editor so-widget-sow-editor-base\"\n\t\t\t\n\t\t>\n<div class=\"siteorigin-widget-tinymce textwidget\">\n\t<h3><a href=\"https:\/\/www.bombabomba.com.br\/goias\/semad-apresenta-prognosticos-da-bacia-do-rio-paranaiba\/\" target=\"_blank\" rel=\"noopener noreferrer\">Semad apresenta progn\u00f3sticos da Bacia do Rio Parana\u00edba<\/a><\/h3>\n<p>A Secretaria de Meio Ambiente e Desenvolvimento Sustent\u00e1vel de Goi\u00e1s (Semad), por meio da Superintend\u00eancia de Recursos H\u00eddricos e Saneamento, realiza, a partir desta ter\u00e7a-feira (20\/10) uma s\u00e9ria de quatro eventos que apresentar\u00e3o, de forma remota, os Progn\u00f3sticos dos Recursos H\u00eddricos dos Planos de Bacias dos afluentes que comp\u00f5em a Bacia do Rio Parana\u00edba. <\/p>\n<\/div>\n<\/div><\/div><\/div><\/div><\/div><div id=\"pg-1461-10\"  class=\"panel-grid panel-has-style\" ><div class=\"panel-row-style panel-row-style-for-1461-10\" ><div id=\"pgc-1461-10-0\"  class=\"panel-grid-cell\" ><div id=\"panel-1461-10-0-0\" class=\"so-panel widget widget_media_image panel-first-child panel-last-child\" data-index=\"19\" ><img loading=\"lazy\" decoding=\"async\" width=\"300\" height=\"150\" src=\"http:\/\/pbapgo.meioambiente.go.gov.br\/wp-content\/uploads\/2020\/10\/imprensa_ja-300x150.jpg\" class=\"image wp-image-2118  attachment-medium size-medium\" alt=\"\" style=\"max-width: 100%; height: auto;\" \/><\/div><\/div><div id=\"pgc-1461-10-1\"  class=\"panel-grid-cell\" ><div id=\"panel-1461-10-1-0\" class=\"so-panel widget widget_sow-editor panel-first-child panel-last-child\" data-index=\"20\" ><div\n\t\t\t\n\t\t\tclass=\"so-widget-sow-editor so-widget-sow-editor-base\"\n\t\t\t\n\t\t>\n<div class=\"siteorigin-widget-tinymce textwidget\">\n\t<h3><a href=\"http:\/\/imprensaja.com.br\/portal\/19-10-2020-goias-semad-apresenta-prognosticos-da-bacia-do-rio-paranaiba\/\" target=\"_blank\" rel=\"noopener noreferrer\">Semad apresenta progn\u00f3sticos da Bacia do Rio Parana\u00edba<\/a><\/h3>\n<p>Nesta primeira apresenta\u00e7\u00e3o, Progn\u00f3stico dos Recursos H\u00eddricos dos Planos de Bacia \u00e0 Plen\u00e1ria dos Rios Corumb\u00e1, Ver\u00edssimo e por\u00e7\u00e3o goiana do Rio S\u00e3o Marcos.<\/p>\n<\/div>\n<\/div><\/div><\/div><\/div><\/div><div id=\"pg-1461-11\"  class=\"panel-grid panel-has-style\" ><div class=\"panel-row-style panel-row-style-for-1461-11\" ><div id=\"pgc-1461-11-0\"  class=\"panel-grid-cell\" ><div id=\"panel-1461-11-0-0\" class=\"so-panel widget widget_media_image panel-first-child panel-last-child\" data-index=\"21\" ><img loading=\"lazy\" decoding=\"async\" width=\"300\" height=\"150\" src=\"http:\/\/pbapgo.meioambiente.go.gov.br\/wp-content\/uploads\/2020\/10\/o_anapolis-300x150.jpg\" class=\"image wp-image-2115  attachment-medium size-medium\" alt=\"\" style=\"max-width: 100%; height: auto;\" \/><\/div><\/div><div id=\"pgc-1461-11-1\"  class=\"panel-grid-cell\" ><div id=\"panel-1461-11-1-0\" class=\"so-panel widget widget_sow-editor panel-first-child panel-last-child\" data-index=\"22\" ><div\n\t\t\t\n\t\t\tclass=\"so-widget-sow-editor so-widget-sow-editor-base\"\n\t\t\t\n\t\t>\n<div class=\"siteorigin-widget-tinymce textwidget\">\n\t<h3><a href=\"https:\/\/oanapolis.com.br\/2020\/10\/19\/prognostico-do-pbap-go-revela-o-futuro-das-aguas-do-estado-de-goias\/\" target=\"_blank\" rel=\"noopener noreferrer\">Progn\u00f3stico do PBAP-GO revela o futuro das \u00e1guas do Estado de Goi\u00e1s<\/a><\/h3>\n<p>Fruto de uma parceria entre a <strong>Secretaria de Estado de Meio Ambiente e Desenvolvimento Sustent\u00e1vel<\/strong> (SEMAD) e <strong>Universidade Federal de Goi\u00e1s<\/strong>, por meio da Escola de Engenharia Civil e Ambiental e a Faculdade de Informa\u00e7\u00e3o e Comunica\u00e7\u00e3o, o PBAP-GO tem por intuito produzir documentos t\u00e9cnicos norteadores que servir\u00e3o como instrumentos de gest\u00e3o integrada de recursos h\u00eddricos nas bacias, apresentando para os gestores municipais as diretrizes para o uso, a conserva\u00e7\u00e3o e a gest\u00e3o das \u00e1guas do Estado de Goi\u00e1s.<\/p>\n<\/div>\n<\/div><\/div><\/div><\/div><\/div><div id=\"pg-1461-12\"  class=\"panel-grid panel-has-style\" ><div class=\"panel-row-style panel-row-style-for-1461-12\" ><div id=\"pgc-1461-12-0\"  class=\"panel-grid-cell\" ><div id=\"panel-1461-12-0-0\" class=\"so-panel widget widget_media_image panel-first-child panel-last-child\" data-index=\"23\" ><img loading=\"lazy\" decoding=\"async\" class=\"image \" src=\"https:\/\/files.cercomp.ufg.br\/weby\/up\/1\/o\/IMG-20201018-WA0022.jpg\" alt=\"#protejanossasaguas\" width=\"1280\" height=\"1279\" \/><\/div><\/div><div id=\"pgc-1461-12-1\"  class=\"panel-grid-cell\" ><div id=\"panel-1461-12-1-0\" class=\"so-panel widget widget_sow-editor panel-first-child panel-last-child\" data-index=\"24\" ><div\n\t\t\t\n\t\t\tclass=\"so-widget-sow-editor so-widget-sow-editor-base\"\n\t\t\t\n\t\t>\n<div class=\"siteorigin-widget-tinymce textwidget\">\n\t<h3><a href=\"https:\/\/ufg.br\/e\/28317-prognostico-do-pbap-go-revela-o-futuro-das-aguas-do-estado-de-goias\" target=\"_blank\" rel=\"noopener noreferrer\">Progn\u00f3stico do PBAP-GO revela o futuro das \u00e1guas do Estado de Goi\u00e1s<\/a><\/h3>\n<p>Fruto de uma parceria entre a <strong>Secretaria de Estado de Meio Ambiente e Desenvolvimento Sustent\u00e1vel<\/strong> (SEMAD) e <strong>Universidade Federal de Goi\u00e1s<\/strong>, por meio da Escola de Engenharia Civil e Ambiental e a Faculdade de Informa\u00e7\u00e3o e Comunica\u00e7\u00e3o, o PBAP-GO tem por intuito produzir documentos t\u00e9cnicos norteadores que servir\u00e3o como instrumentos de gest\u00e3o integrada de recursos h\u00eddricos nas bacias, apresentando para os gestores municipais as diretrizes para o uso, a conserva\u00e7\u00e3o e a gest\u00e3o das \u00e1guas do Estado de Goi\u00e1s.<\/p>\n<\/div>\n<\/div><\/div><\/div><\/div><\/div><div id=\"pg-1461-13\"  class=\"panel-grid panel-has-style\" ><div class=\"panel-row-style panel-row-style-for-1461-13\" ><div id=\"pgc-1461-13-0\"  class=\"panel-grid-cell\" ><div id=\"panel-1461-13-0-0\" class=\"so-panel widget widget_media_image panel-first-child panel-last-child\" data-index=\"25\" ><img loading=\"lazy\" decoding=\"async\" width=\"300\" height=\"145\" src=\"http:\/\/pbapgo.meioambiente.go.gov.br\/wp-content\/uploads\/2019\/06\/semad-Governo-300x145.png\" class=\"image wp-image-1672  attachment-medium size-medium\" alt=\"\" style=\"max-width: 100%; height: auto;\" srcset=\"http:\/\/pbapgo.meioambiente.go.gov.br\/wp-content\/uploads\/2019\/06\/semad-Governo-300x145.png 300w, http:\/\/pbapgo.meioambiente.go.gov.br\/wp-content\/uploads\/2019\/06\/semad-Governo-768x372.png 768w, http:\/\/pbapgo.meioambiente.go.gov.br\/wp-content\/uploads\/2019\/06\/semad-Governo-1024x495.png 1024w\" sizes=\"(max-width: 300px) 100vw, 300px\" \/><\/div><\/div><div id=\"pgc-1461-13-1\"  class=\"panel-grid-cell\" ><div id=\"panel-1461-13-1-0\" class=\"so-panel widget widget_sow-editor panel-first-child panel-last-child\" data-index=\"26\" ><div\n\t\t\t\n\t\t\tclass=\"so-widget-sow-editor so-widget-sow-editor-base\"\n\t\t\t\n\t\t>\n<div class=\"siteorigin-widget-tinymce textwidget\">\n\t<h3><a href=\"https:\/\/www.meioambiente.go.gov.br\/noticias\/2033-semad-apresenta-estudos-de-progn%C3%B3stico-dos-recursos-h%C3%ADdricos-para-as-bacias-afluentes-do-rio-parana%C3%ADba-em-goi%C3%A1s.html\" target=\"_blank\" rel=\"noopener noreferrer\">Semad apresenta estudos de progn\u00f3stico dos recursos h\u00eddricos para as bacias afluentes do Rio Parana\u00edba em Goi\u00e1s <\/a><\/h3>\n<p>Durante quatro dias, a Semad, por meio da Superintend\u00eancia de Recursos H\u00eddricos e Saneamento, e da Funape\/UFG, apresentou os estudos a membros dos Grupos de Trabalho para acompanhamento da elabora\u00e7\u00e3o do Plano de Bacia, institu\u00eddos pelos respectivos Comit\u00eas das Bacias Hidrogr\u00e1ficas.<\/p>\n<\/div>\n<\/div><\/div><\/div><\/div><\/div><div id=\"pg-1461-14\"  class=\"panel-grid panel-has-style\" ><div class=\"panel-row-style panel-row-style-for-1461-14\" ><div id=\"pgc-1461-14-0\"  class=\"panel-grid-cell\" ><div id=\"panel-1461-14-0-0\" class=\"so-panel widget widget_media_image panel-first-child panel-last-child\" data-index=\"27\" ><img loading=\"lazy\" decoding=\"async\" class=\"image \" src=\"https:\/\/files.cercomp.ufg.br\/weby\/up\/243\/m\/Plano_das_Bacias.png?1600436458\" alt=\"\" width=\"400\" height=\"228\" \/><\/div><\/div><div id=\"pgc-1461-14-1\"  class=\"panel-grid-cell\" ><div id=\"panel-1461-14-1-0\" class=\"so-panel widget widget_sow-editor panel-first-child panel-last-child\" data-index=\"28\" ><div\n\t\t\t\n\t\t\tclass=\"so-widget-sow-editor so-widget-sow-editor-base\"\n\t\t\t\n\t\t>\n<div class=\"siteorigin-widget-tinymce textwidget\">\n\t<h3><a href=\"https:\/\/jornal.ufg.br\/n\/133650-equipe-tecnica-da-ufg-apresenta-diagnostico-sobre-recursos-hidricos-do-rio-meia-ponte\" target=\"_blank\" rel=\"noopener noreferrer\">Equipe t\u00e9cnica da UFG apresenta diagn\u00f3stico sobre recursos h\u00eddricos do Rio Meia Ponte<\/a><\/h3>\n<p>A Escola de Engenharia Civil e Ambiental da Universidade Federal de Goi\u00e1s (EECA\/UFG) apresentou nesta quarta-feira (16\/9) o Progn\u00f3stico dos Recursos H\u00eddricos da UPGRH do Rio Meia Ponte para representantes da Semad, Saneago, FIEG e sociedade civil organizada. O professor Klebber Formiga foi o respons\u00e1vel pela apresenta\u00e7\u00e3o.<\/p>\n<\/div>\n<\/div><\/div><\/div><\/div><\/div><div id=\"pg-1461-15\"  class=\"panel-grid panel-has-style\" ><div class=\"panel-row-style panel-row-style-for-1461-15\" ><div id=\"pgc-1461-15-0\"  class=\"panel-grid-cell\" ><div id=\"panel-1461-15-0-0\" class=\"so-panel widget widget_media_image panel-first-child panel-last-child\" data-index=\"29\" ><img loading=\"lazy\" decoding=\"async\" class=\"image \" src=\"https:\/\/www.ufg.br\/up\/1\/o\/UFG_apresenta_primeiro_produto_do_plano_de_recursos_hidricos.jpeg\" alt=\"\" width=\"1280\" height=\"960\" \/><\/div><\/div><div id=\"pgc-1461-15-1\"  class=\"panel-grid-cell\" ><div id=\"panel-1461-15-1-0\" class=\"so-panel widget widget_sow-editor panel-first-child panel-last-child\" data-index=\"30\" ><div\n\t\t\t\n\t\t\tclass=\"so-widget-sow-editor so-widget-sow-editor-base\"\n\t\t\t\n\t\t>\n<div class=\"siteorigin-widget-tinymce textwidget\">\n\t<h3><a href=\"https:\/\/www.ufg.br\/n\/111647-ufg-apresenta-primeiro-produto-dos-planos-de-recursos-hidricos\" target=\"_blank\" rel=\"noopener\">UFG apresenta primeiro produto dos Planos de Recursos H\u00eddricos<\/a><\/h3>\n<p>Equipe apresentou aspectos metodol\u00f3gicos dos Planos de Recursos H\u00eddricos das Unidades de Planejamento e Gest\u00e3o de Recursos H\u00eddricos do Estado de Goi\u00e1s afluentes ao Rio Parana\u00edba<\/p>\n<\/div>\n<\/div><\/div><\/div><\/div><\/div><div id=\"pg-1461-16\"  class=\"panel-grid panel-has-style\" ><div class=\"panel-row-style panel-row-style-for-1461-16\" ><div id=\"pgc-1461-16-0\"  class=\"panel-grid-cell\" ><div id=\"panel-1461-16-0-0\" class=\"so-panel widget widget_media_image panel-first-child panel-last-child\" data-index=\"31\" ><img loading=\"lazy\" decoding=\"async\" class=\"image \" src=\"https:\/\/www.ufg.br\/up\/1\/m\/banner_notas4B1-03.png?1506698242\" alt=\"\" width=\"400\" height=\"140\" \/><\/div><\/div><div id=\"pgc-1461-16-1\"  class=\"panel-grid-cell\" ><div id=\"panel-1461-16-1-0\" class=\"so-panel widget widget_sow-editor panel-first-child panel-last-child\" data-index=\"32\" ><div\n\t\t\t\n\t\t\tclass=\"so-widget-sow-editor so-widget-sow-editor-base\"\n\t\t\t\n\t\t>\n<div class=\"siteorigin-widget-tinymce textwidget\">\n\t<h3><a href=\"https:\/\/www.ufg.br\/n\/109959-escola-de-engenharia-civil-e-ambiental-seleciona-bolsistas\" target=\"_blank\" rel=\"noopener\">Escola de Engenharia Civil e Ambiental seleciona bolsistas <\/a><\/h3>\n<p>Ser\u00e3o selecionados 16 bolsistas para projeto Planos de Recursos H\u00eddricos das Unidades de Planejamento e Gest\u00e3o de Recursos H\u00eddricos do Estado de Goi\u00e1s (UPGRH) afluentes ao Parana\u00edba<\/p>\n<\/div>\n<\/div><\/div><\/div><\/div><\/div><div id=\"pg-1461-17\"  class=\"panel-grid panel-has-style\" ><div class=\"panel-row-style panel-row-style-for-1461-17\" ><div id=\"pgc-1461-17-0\"  class=\"panel-grid-cell panel-grid-cell-empty\" ><\/div><\/div><\/div><\/div>","protected":false},"excerpt":{"rendered":"<p>Confira as mat\u00e9rias publicadas na m\u00eddia: &nbsp; Equipe t\u00e9cnica da UFG apresenta planos para gest\u00e3o da \u00e1gua em Goi\u00e1s Quarta etapa dos Planos de Bacias dos Afluentes do Parana\u00edba do &#8230;<\/p>\n","protected":false},"author":2,"featured_media":0,"parent":0,"menu_order":0,"comment_status":"closed","ping_status":"closed","template":"","meta":{"footnotes":""},"_links":{"self":[{"href":"http:\/\/pbapgo.meioambiente.go.gov.br\/index.php?rest_route=\/wp\/v2\/pages\/1461"}],"collection":[{"href":"http:\/\/pbapgo.meioambiente.go.gov.br\/index.php?rest_route=\/wp\/v2\/pages"}],"about":[{"href":"http:\/\/pbapgo.meioambiente.go.gov.br\/index.php?rest_route=\/wp\/v2\/types\/page"}],"author":[{"embeddable":true,"href":"http:\/\/pbapgo.meioambiente.go.gov.br\/index.php?rest_route=\/wp\/v2\/users\/2"}],"replies":[{"embeddable":true,"href":"http:\/\/pbapgo.meioambiente.go.gov.br\/index.php?rest_route=%2Fwp%2Fv2%2Fcomments&post=1461"}],"version-history":[{"count":42,"href":"http:\/\/pbapgo.meioambiente.go.gov.br\/index.php?rest_route=\/wp\/v2\/pages\/1461\/revisions"}],"predecessor-version":[{"id":2315,"href":"http:\/\/pbapgo.meioambiente.go.gov.br\/index.php?rest_route=\/wp\/v2\/pages\/1461\/revisions\/2315"}],"wp:attachment":[{"href":"http:\/\/pbapgo.meioambiente.go.gov.br\/index.php?rest_route=%2Fwp%2Fv2%2Fmedia&parent=1461"}],"curies":[{"name":"wp","href":"https:\/\/api.w.org\/{rel}","templated":true}]}}