















{"id":1458,"date":"2019-03-11T22:13:53","date_gmt":"2019-03-12T01:13:53","guid":{"rendered":"http:\/\/pbapgo.meioambiente.go.gov.br\/?page_id=1458"},"modified":"2021-04-07T15:17:58","modified_gmt":"2021-04-07T18:17:58","slug":"parceiros","status":"publish","type":"page","link":"http:\/\/pbapgo.meioambiente.go.gov.br\/?page_id=1458","title":{"rendered":"Parceiros"},"content":{"rendered":"<div id=\"pl-1458\"  class=\"panel-layout\" ><div id=\"pg-1458-0\"  class=\"panel-grid panel-has-style\" ><div class=\"panel-row-style panel-row-style-for-1458-0\" ><div id=\"pgc-1458-0-0\"  class=\"panel-grid-cell\" ><div id=\"panel-1458-0-0-0\" class=\"so-panel widget widget_text panel-first-child panel-last-child\" data-index=\"0\" >\t\t\t<div class=\"textwidget\"><p>Conhe\u00e7a os parceiros que est\u00e3o contribuindo para o desenvolvimento dos Planos de Bacias dos Afluentes do Rio Parana\u00edba em Goi\u00e1s:<\/p>\n<\/div>\n\t\t<\/div><\/div><\/div><\/div><div id=\"pg-1458-1\"  class=\"panel-grid panel-has-style\" ><div class=\"panel-row-style panel-row-style-for-1458-1\" ><div id=\"pgc-1458-1-0\"  class=\"panel-grid-cell\" ><div id=\"panel-1458-1-0-0\" class=\"so-panel widget widget_media_image panel-first-child panel-last-child\" data-index=\"1\" ><a href=\"https:\/\/ufg.br\/\"><img loading=\"lazy\" decoding=\"async\" width=\"300\" height=\"154\" src=\"http:\/\/pbapgo.meioambiente.go.gov.br\/wp-content\/uploads\/2019\/06\/Marca_UFG-300x154.png\" class=\"image wp-image-1671  attachment-medium size-medium\" alt=\"\" style=\"max-width: 100%; height: auto;\" srcset=\"http:\/\/pbapgo.meioambiente.go.gov.br\/wp-content\/uploads\/2019\/06\/Marca_UFG-300x154.png 300w, http:\/\/pbapgo.meioambiente.go.gov.br\/wp-content\/uploads\/2019\/06\/Marca_UFG-768x394.png 768w, http:\/\/pbapgo.meioambiente.go.gov.br\/wp-content\/uploads\/2019\/06\/Marca_UFG-1024x526.png 1024w, http:\/\/pbapgo.meioambiente.go.gov.br\/wp-content\/uploads\/2019\/06\/Marca_UFG.png 1284w\" sizes=\"(max-width: 300px) 100vw, 300px\" \/><\/a><\/div><\/div><div id=\"pgc-1458-1-1\"  class=\"panel-grid-cell\" ><div id=\"panel-1458-1-1-0\" class=\"so-panel widget widget_media_image panel-first-child panel-last-child\" data-index=\"2\" ><a href=\"http:\/\/www.meioambiente.go.gov.br\/\"><img loading=\"lazy\" decoding=\"async\" width=\"300\" height=\"149\" src=\"http:\/\/pbapgo.meioambiente.go.gov.br\/wp-content\/uploads\/2019\/06\/semad-Governo_300-300x149.png\" class=\"image wp-image-1685  attachment-medium size-medium\" alt=\"\" style=\"max-width: 100%; height: auto;\" \/><\/a><\/div><\/div><div id=\"pgc-1458-1-2\"  class=\"panel-grid-cell\" ><div id=\"panel-1458-1-2-0\" class=\"so-panel widget widget_media_image panel-first-child panel-last-child\" data-index=\"3\" ><img loading=\"lazy\" decoding=\"async\" width=\"300\" height=\"132\" src=\"http:\/\/pbapgo.meioambiente.go.gov.br\/wp-content\/uploads\/2019\/06\/logo_ana-300x132.jpg\" class=\"image wp-image-1777  attachment-medium size-medium\" alt=\"\" style=\"max-width: 100%; height: auto;\" srcset=\"http:\/\/pbapgo.meioambiente.go.gov.br\/wp-content\/uploads\/2019\/06\/logo_ana-300x132.jpg 300w, http:\/\/pbapgo.meioambiente.go.gov.br\/wp-content\/uploads\/2019\/06\/logo_ana.jpg 400w\" sizes=\"(max-width: 300px) 100vw, 300px\" \/><\/div><\/div><\/div><\/div><div id=\"pg-1458-2\"  class=\"panel-grid panel-no-style\" ><div id=\"pgc-1458-2-0\"  class=\"panel-grid-cell\" ><div id=\"panel-1458-2-0-0\" class=\"so-panel widget widget_media_image panel-first-child panel-last-child\" data-index=\"4\" ><img loading=\"lazy\" decoding=\"async\" width=\"300\" height=\"161\" src=\"http:\/\/pbapgo.meioambiente.go.gov.br\/wp-content\/uploads\/2019\/06\/logo_meiaponte-300x161.jpg\" class=\"image wp-image-1780  attachment-medium size-medium\" alt=\"\" style=\"max-width: 100%; height: auto;\" srcset=\"http:\/\/pbapgo.meioambiente.go.gov.br\/wp-content\/uploads\/2019\/06\/logo_meiaponte-300x161.jpg 300w, http:\/\/pbapgo.meioambiente.go.gov.br\/wp-content\/uploads\/2019\/06\/logo_meiaponte.jpg 400w\" sizes=\"(max-width: 300px) 100vw, 300px\" \/><\/div><\/div><div id=\"pgc-1458-2-1\"  class=\"panel-grid-cell\" ><div id=\"panel-1458-2-1-0\" class=\"so-panel widget widget_media_image panel-first-child panel-last-child\" data-index=\"5\" ><img loading=\"lazy\" decoding=\"async\" width=\"300\" height=\"86\" src=\"http:\/\/pbapgo.meioambiente.go.gov.br\/wp-content\/uploads\/2019\/06\/logo_cbh-300x86.jpg\" class=\"image wp-image-1778  attachment-medium size-medium\" alt=\"\" style=\"max-width: 100%; height: auto;\" srcset=\"http:\/\/pbapgo.meioambiente.go.gov.br\/wp-content\/uploads\/2019\/06\/logo_cbh-300x86.jpg 300w, http:\/\/pbapgo.meioambiente.go.gov.br\/wp-content\/uploads\/2019\/06\/logo_cbh.jpg 400w\" sizes=\"(max-width: 300px) 100vw, 300px\" \/><\/div><\/div><div id=\"pgc-1458-2-2\"  class=\"panel-grid-cell\" ><div id=\"panel-1458-2-2-0\" class=\"so-panel widget widget_media_image panel-first-child panel-last-child\" data-index=\"6\" ><img loading=\"lazy\" decoding=\"async\" width=\"300\" height=\"102\" src=\"http:\/\/pbapgo.meioambiente.go.gov.br\/wp-content\/uploads\/2019\/06\/marca-rio-dos-bois-300x102.png\" class=\"image wp-image-1826  attachment-medium size-medium\" alt=\"\" style=\"max-width: 100%; height: auto;\" srcset=\"http:\/\/pbapgo.meioambiente.go.gov.br\/wp-content\/uploads\/2019\/06\/marca-rio-dos-bois-300x102.png 300w, http:\/\/pbapgo.meioambiente.go.gov.br\/wp-content\/uploads\/2019\/06\/marca-rio-dos-bois-768x262.png 768w, http:\/\/pbapgo.meioambiente.go.gov.br\/wp-content\/uploads\/2019\/06\/marca-rio-dos-bois-1024x349.png 1024w, http:\/\/pbapgo.meioambiente.go.gov.br\/wp-content\/uploads\/2019\/06\/marca-rio-dos-bois.png 1243w\" sizes=\"(max-width: 300px) 100vw, 300px\" \/><\/div><\/div><\/div><div id=\"pg-1458-3\"  class=\"panel-grid panel-has-style\" ><div class=\"panel-row-style panel-row-style-for-1458-3\" ><div id=\"pgc-1458-3-0\"  class=\"panel-grid-cell\" ><div id=\"panel-1458-3-0-0\" class=\"so-panel widget widget_media_image panel-first-child panel-last-child\" data-index=\"7\" ><img loading=\"lazy\" decoding=\"async\" width=\"300\" height=\"100\" src=\"http:\/\/pbapgo.meioambiente.go.gov.br\/wp-content\/uploads\/2021\/04\/LOGO-CBH-CVSM-colorida-02-300x100.png\" class=\"image wp-image-2477  attachment-medium size-medium\" alt=\"\" style=\"max-width: 100%; height: auto;\" srcset=\"http:\/\/pbapgo.meioambiente.go.gov.br\/wp-content\/uploads\/2021\/04\/LOGO-CBH-CVSM-colorida-02-300x100.png 300w, http:\/\/pbapgo.meioambiente.go.gov.br\/wp-content\/uploads\/2021\/04\/LOGO-CBH-CVSM-colorida-02-1024x342.png 1024w, http:\/\/pbapgo.meioambiente.go.gov.br\/wp-content\/uploads\/2021\/04\/LOGO-CBH-CVSM-colorida-02-768x256.png 768w, http:\/\/pbapgo.meioambiente.go.gov.br\/wp-content\/uploads\/2021\/04\/LOGO-CBH-CVSM-colorida-02-1536x512.png 1536w, http:\/\/pbapgo.meioambiente.go.gov.br\/wp-content\/uploads\/2021\/04\/LOGO-CBH-CVSM-colorida-02-2048x683.png 2048w\" sizes=\"(max-width: 300px) 100vw, 300px\" \/><\/div><\/div><div id=\"pgc-1458-3-1\"  class=\"panel-grid-cell panel-grid-cell-mobile-last\" ><div id=\"panel-1458-3-1-0\" class=\"so-panel widget widget_media_image panel-first-child panel-last-child\" data-index=\"8\" ><a href=\"https:\/\/www.funape.org.br\/site\/\"><img loading=\"lazy\" decoding=\"async\" width=\"300\" height=\"84\" src=\"http:\/\/pbapgo.meioambiente.go.gov.br\/wp-content\/uploads\/2019\/06\/logo_funape-300x84.jpg\" class=\"image wp-image-1779  attachment-medium size-medium\" alt=\"\" style=\"max-width: 100%; height: auto;\" srcset=\"http:\/\/pbapgo.meioambiente.go.gov.br\/wp-content\/uploads\/2019\/06\/logo_funape-300x84.jpg 300w, http:\/\/pbapgo.meioambiente.go.gov.br\/wp-content\/uploads\/2019\/06\/logo_funape.jpg 400w\" sizes=\"(max-width: 300px) 100vw, 300px\" \/><\/a><\/div><\/div><div id=\"pgc-1458-3-2\"  class=\"panel-grid-cell panel-grid-cell-empty\" ><\/div><\/div><\/div><\/div>","protected":false},"excerpt":{"rendered":"<p>Conhe\u00e7a os parceiros que est\u00e3o contribuindo para o desenvolvimento dos Planos de Bacias dos Afluentes do Rio Parana\u00edba em Goi\u00e1s:<\/p>\n","protected":false},"author":2,"featured_media":0,"parent":0,"menu_order":0,"comment_status":"closed","ping_status":"closed","template":"","meta":{"footnotes":""},"_links":{"self":[{"href":"http:\/\/pbapgo.meioambiente.go.gov.br\/index.php?rest_route=\/wp\/v2\/pages\/1458"}],"collection":[{"href":"http:\/\/pbapgo.meioambiente.go.gov.br\/index.php?rest_route=\/wp\/v2\/pages"}],"about":[{"href":"http:\/\/pbapgo.meioambiente.go.gov.br\/index.php?rest_route=\/wp\/v2\/types\/page"}],"author":[{"embeddable":true,"href":"http:\/\/pbapgo.meioambiente.go.gov.br\/index.php?rest_route=\/wp\/v2\/users\/2"}],"replies":[{"embeddable":true,"href":"http:\/\/pbapgo.meioambiente.go.gov.br\/index.php?rest_route=%2Fwp%2Fv2%2Fcomments&post=1458"}],"version-history":[{"count":38,"href":"http:\/\/pbapgo.meioambiente.go.gov.br\/index.php?rest_route=\/wp\/v2\/pages\/1458\/revisions"}],"predecessor-version":[{"id":2483,"href":"http:\/\/pbapgo.meioambiente.go.gov.br\/index.php?rest_route=\/wp\/v2\/pages\/1458\/revisions\/2483"}],"wp:attachment":[{"href":"http:\/\/pbapgo.meioambiente.go.gov.br\/index.php?rest_route=%2Fwp%2Fv2%2Fmedia&parent=1458"}],"curies":[{"name":"wp","href":"https:\/\/api.w.org\/{rel}","templated":true}]}}